{"id":1377,"date":"2024-06-27T15:04:20","date_gmt":"2024-06-27T12:04:20","guid":{"rendered":"https:\/\/mobot.mg\/conservation\/?page_id=1377"},"modified":"2024-06-28T13:22:17","modified_gmt":"2024-06-28T10:22:17","slug":"agnalazaha-site-gallery","status":"publish","type":"page","link":"http:\/\/mobot.mg\/conservation\/agnalazaha-site\/agnalazaha-site-gallery\/","title":{"rendered":"Agnalazaha-site-gallery"},"content":{"rendered":"\t\t<div data-elementor-type=\"wp-page\" data-elementor-id=\"1377\" class=\"elementor elementor-1377\">\n\t\t\t\t<div class=\"elementor-element elementor-element-6939e13 e-flex e-con-boxed e-con e-parent\" data-id=\"6939e13\" data-element_type=\"container\">\n\t\t\t\t\t<div class=\"e-con-inner\">\n\t\t<div class=\"elementor-element elementor-element-aefbeb0 e-grid e-con-boxed e-con e-child\" data-id=\"aefbeb0\" data-element_type=\"container\">\n\t\t\t\t\t<div class=\"e-con-inner\">\n\t\t\t\t<div class=\"elementor-element elementor-element-edb1376 elementor-widget elementor-widget-heading\" data-id=\"edb1376\" data-element_type=\"widget\" data-widget_type=\"heading.default\">\n\t\t\t\t<div class=\"elementor-widget-container\">\n\t\t\t\t\t<h2 class=\"elementor-heading-title elementor-size-default\">ORONJIA<\/h2>\t\t\t\t<\/div>\n\t\t\t\t<\/div>\n\t\t\t\t\t<\/div>\n\t\t\t\t<\/div>\n\t\t\t\t\t<\/div>\n\t\t\t\t<\/div>\n\t\t<div class=\"elementor-element elementor-element-29a335e e-con-full e-flex e-con e-parent\" data-id=\"29a335e\" data-element_type=\"container\" data-settings=\"{&quot;background_background&quot;:&quot;classic&quot;}\">\n\t\t\t\t<div class=\"elementor-element elementor-element-3046432 elementor-widget elementor-widget-gallery\" data-id=\"3046432\" data-element_type=\"widget\" data-settings=\"{&quot;gallery_layout&quot;:&quot;masonry&quot;,&quot;columns&quot;:7,&quot;gap&quot;:{&quot;unit&quot;:&quot;px&quot;,&quot;size&quot;:2,&quot;sizes&quot;:[]},&quot;overlay_title&quot;:&quot;title&quot;,&quot;lazyload&quot;:&quot;yes&quot;,&quot;columns_tablet&quot;:2,&quot;columns_mobile&quot;:1,&quot;gap_tablet&quot;:{&quot;unit&quot;:&quot;px&quot;,&quot;size&quot;:10,&quot;sizes&quot;:[]},&quot;gap_mobile&quot;:{&quot;unit&quot;:&quot;px&quot;,&quot;size&quot;:10,&quot;sizes&quot;:[]},&quot;link_to&quot;:&quot;file&quot;,&quot;overlay_background&quot;:&quot;yes&quot;,&quot;content_hover_animation&quot;:&quot;fade-in&quot;}\" data-widget_type=\"gallery.default\">\n\t\t\t\t<div class=\"elementor-widget-container\">\n\t\t\t\t\t\t\t<div class=\"elementor-gallery__container\">\n\t\t\t\t\t\t\t<a class=\"e-gallery-item elementor-gallery-item elementor-animated-content\" href=\"http:\/\/mobot.mg\/conservation\/wp-content\/uploads\/2024\/06\/1.jpg\" data-elementor-open-lightbox=\"yes\" data-elementor-lightbox-slideshow=\"all-3046432\" data-elementor-lightbox-title=\"1\" data-e-action-hash=\"#elementor-action%3Aaction%3Dlightbox%26settings%3DeyJpZCI6MTM4MCwidXJsIjoiaHR0cDpcL1wvbW9ib3QubWdcL2NvbnNlcnZhdGlvblwvd3AtY29udGVudFwvdXBsb2Fkc1wvMjAyNFwvMDZcLzEuanBnIiwic2xpZGVzaG93IjoiYWxsLTMwNDY0MzIifQ%3D%3D\">\n\t\t\t\t\t<div class=\"e-gallery-image elementor-gallery-item__image\" data-thumbnail=\"http:\/\/mobot.mg\/conservation\/wp-content\/uploads\/2024\/06\/1-300x225.jpg\" data-width=\"300\" data-height=\"225\" alt=\"\" ><\/div>\n\t\t\t\t\t\t\t\t\t\t\t<div class=\"elementor-gallery-item__overlay\"><\/div>\n\t\t\t\t\t\t\t\t\t\t\t\t\t\t\t<div class=\"elementor-gallery-item__content\">\n\t\t\t\t\t\t\t\t\t\t\t\t\t\t<div class=\"elementor-gallery-item__title\">\n\t\t\t\t\t\t\t\t\t\t\t\t\t\t\t\t\t\t1\t\t\t\t\t\t\t\t<\/div>\n\t\t\t\t\t\t\t\t\t\t\t\t<\/div>\n\t\t\t\t\t\t\t\t\t<\/a>\n\t\t\t\t\t\t\t<a class=\"e-gallery-item elementor-gallery-item elementor-animated-content\" href=\"http:\/\/mobot.mg\/conservation\/wp-content\/uploads\/2024\/06\/Visite-du-MEDD-Gouverneur-de-la-region-Atsimo-Atsinanana-et-les-parties-prenantes-a-Agnalazaha_Tongasoa-scaled.jpg\" data-elementor-open-lightbox=\"yes\" data-elementor-lightbox-slideshow=\"all-3046432\" data-elementor-lightbox-title=\"Visite du MEDD, Gouverneur de la r\u00e9gion Atsimo Atsinanana et les parties prenantes \u00e0 Agnalazaha_Tongasoa\" data-e-action-hash=\"#elementor-action%3Aaction%3Dlightbox%26settings%3DeyJpZCI6MTQ1OCwidXJsIjoiaHR0cDpcL1wvbW9ib3QubWdcL2NvbnNlcnZhdGlvblwvd3AtY29udGVudFwvdXBsb2Fkc1wvMjAyNFwvMDZcL1Zpc2l0ZS1kdS1NRURELUdvdXZlcm5ldXItZGUtbGEtcmVnaW9uLUF0c2ltby1BdHNpbmFuYW5hLWV0LWxlcy1wYXJ0aWVzLXByZW5hbnRlcy1hLUFnbmFsYXphaGFfVG9uZ2Fzb2Etc2NhbGVkLmpwZyIsInNsaWRlc2hvdyI6ImFsbC0zMDQ2NDMyIn0%3D\">\n\t\t\t\t\t<div class=\"e-gallery-image elementor-gallery-item__image\" data-thumbnail=\"http:\/\/mobot.mg\/conservation\/wp-content\/uploads\/2024\/06\/Visite-du-MEDD-Gouverneur-de-la-region-Atsimo-Atsinanana-et-les-parties-prenantes-a-Agnalazaha_Tongasoa-300x225.jpg\" data-width=\"300\" data-height=\"225\" alt=\"\" ><\/div>\n\t\t\t\t\t\t\t\t\t\t\t<div class=\"elementor-gallery-item__overlay\"><\/div>\n\t\t\t\t\t\t\t\t\t\t\t\t\t\t\t<div class=\"elementor-gallery-item__content\">\n\t\t\t\t\t\t\t\t\t\t\t\t\t\t<div class=\"elementor-gallery-item__title\">\n\t\t\t\t\t\t\t\t\t\t\t\t\t\t\t\t\t\tVisite du MEDD, Gouverneur de la r\u00e9gion Atsimo Atsinanana et les parties prenantes \u00e0 Agnalazaha_Tongasoa\t\t\t\t\t\t\t\t<\/div>\n\t\t\t\t\t\t\t\t\t\t\t\t<\/div>\n\t\t\t\t\t\t\t\t\t<\/a>\n\t\t\t\t\t\t\t<a class=\"e-gallery-item elementor-gallery-item elementor-animated-content\" href=\"http:\/\/mobot.mg\/conservation\/wp-content\/uploads\/2024\/06\/Visite-du-MEDD-Gouverneur-de-la-region-Atsimo-Atsinanana-et-les-parties-prenantes-a-Agnalazaha_Sensibilisation-scaled.jpg\" data-elementor-open-lightbox=\"yes\" data-elementor-lightbox-slideshow=\"all-3046432\" data-elementor-lightbox-title=\"Visite du MEDD, Gouverneur de la r\u00e9gion Atsimo Atsinanana et les parties prenantes \u00e0 Agnalazaha_Sensibilisation\" data-e-action-hash=\"#elementor-action%3Aaction%3Dlightbox%26settings%3DeyJpZCI6MTQ1NywidXJsIjoiaHR0cDpcL1wvbW9ib3QubWdcL2NvbnNlcnZhdGlvblwvd3AtY29udGVudFwvdXBsb2Fkc1wvMjAyNFwvMDZcL1Zpc2l0ZS1kdS1NRURELUdvdXZlcm5ldXItZGUtbGEtcmVnaW9uLUF0c2ltby1BdHNpbmFuYW5hLWV0LWxlcy1wYXJ0aWVzLXByZW5hbnRlcy1hLUFnbmFsYXphaGFfU2Vuc2liaWxpc2F0aW9uLXNjYWxlZC5qcGciLCJzbGlkZXNob3ciOiJhbGwtMzA0NjQzMiJ9\">\n\t\t\t\t\t<div class=\"e-gallery-image elementor-gallery-item__image\" data-thumbnail=\"http:\/\/mobot.mg\/conservation\/wp-content\/uploads\/2024\/06\/Visite-du-MEDD-Gouverneur-de-la-region-Atsimo-Atsinanana-et-les-parties-prenantes-a-Agnalazaha_Sensibilisation-300x225.jpg\" data-width=\"300\" data-height=\"225\" alt=\"\" ><\/div>\n\t\t\t\t\t\t\t\t\t\t\t<div class=\"elementor-gallery-item__overlay\"><\/div>\n\t\t\t\t\t\t\t\t\t\t\t\t\t\t\t<div class=\"elementor-gallery-item__content\">\n\t\t\t\t\t\t\t\t\t\t\t\t\t\t<div class=\"elementor-gallery-item__title\">\n\t\t\t\t\t\t\t\t\t\t\t\t\t\t\t\t\t\tVisite du MEDD, Gouverneur de la r\u00e9gion Atsimo Atsinanana et les parties prenantes \u00e0 Agnalazaha_Sensibilisation\t\t\t\t\t\t\t\t<\/div>\n\t\t\t\t\t\t\t\t\t\t\t\t<\/div>\n\t\t\t\t\t\t\t\t\t<\/a>\n\t\t\t\t\t\t\t<a class=\"e-gallery-item elementor-gallery-item elementor-animated-content\" href=\"http:\/\/mobot.mg\/conservation\/wp-content\/uploads\/2024\/06\/Visite-du-MEDD-Gouverneur-de-la-region-Atsimo-Atsinanana-et-les-parties-prenantes-a-Agnalazaha_Sensibilisation-8-scaled.jpg\" data-elementor-open-lightbox=\"yes\" data-elementor-lightbox-slideshow=\"all-3046432\" data-elementor-lightbox-title=\"Visite du MEDD, Gouverneur de la r\u00e9gion Atsimo Atsinanana et les parties prenantes \u00e0 Agnalazaha_Sensibilisation 8\" data-e-action-hash=\"#elementor-action%3Aaction%3Dlightbox%26settings%3DeyJpZCI6MTQ1NiwidXJsIjoiaHR0cDpcL1wvbW9ib3QubWdcL2NvbnNlcnZhdGlvblwvd3AtY29udGVudFwvdXBsb2Fkc1wvMjAyNFwvMDZcL1Zpc2l0ZS1kdS1NRURELUdvdXZlcm5ldXItZGUtbGEtcmVnaW9uLUF0c2ltby1BdHNpbmFuYW5hLWV0LWxlcy1wYXJ0aWVzLXByZW5hbnRlcy1hLUFnbmFsYXphaGFfU2Vuc2liaWxpc2F0aW9uLTgtc2NhbGVkLmpwZyIsInNsaWRlc2hvdyI6ImFsbC0zMDQ2NDMyIn0%3D\">\n\t\t\t\t\t<div class=\"e-gallery-image elementor-gallery-item__image\" data-thumbnail=\"http:\/\/mobot.mg\/conservation\/wp-content\/uploads\/2024\/06\/Visite-du-MEDD-Gouverneur-de-la-region-Atsimo-Atsinanana-et-les-parties-prenantes-a-Agnalazaha_Sensibilisation-8-300x225.jpg\" data-width=\"300\" data-height=\"225\" alt=\"\" ><\/div>\n\t\t\t\t\t\t\t\t\t\t\t<div class=\"elementor-gallery-item__overlay\"><\/div>\n\t\t\t\t\t\t\t\t\t\t\t\t\t\t\t<div class=\"elementor-gallery-item__content\">\n\t\t\t\t\t\t\t\t\t\t\t\t\t\t<div class=\"elementor-gallery-item__title\">\n\t\t\t\t\t\t\t\t\t\t\t\t\t\t\t\t\t\tVisite du MEDD, Gouverneur de la r\u00e9gion Atsimo Atsinanana et les parties prenantes \u00e0 Agnalazaha_Sensibilisation 8\t\t\t\t\t\t\t\t<\/div>\n\t\t\t\t\t\t\t\t\t\t\t\t<\/div>\n\t\t\t\t\t\t\t\t\t<\/a>\n\t\t\t\t\t\t\t<a class=\"e-gallery-item elementor-gallery-item elementor-animated-content\" href=\"http:\/\/mobot.mg\/conservation\/wp-content\/uploads\/2024\/06\/Visite-du-MEDD-Gouverneur-de-la-region-Atsimo-Atsinanana-et-les-parties-prenantes-a-Agnalazaha_Sensibilisation-7-scaled.jpg\" data-elementor-open-lightbox=\"yes\" data-elementor-lightbox-slideshow=\"all-3046432\" data-elementor-lightbox-title=\"Visite du MEDD, Gouverneur de la r\u00e9gion Atsimo Atsinanana et les parties prenantes \u00e0 Agnalazaha_Sensibilisation 7\" data-e-action-hash=\"#elementor-action%3Aaction%3Dlightbox%26settings%3DeyJpZCI6MTQ1NSwidXJsIjoiaHR0cDpcL1wvbW9ib3QubWdcL2NvbnNlcnZhdGlvblwvd3AtY29udGVudFwvdXBsb2Fkc1wvMjAyNFwvMDZcL1Zpc2l0ZS1kdS1NRURELUdvdXZlcm5ldXItZGUtbGEtcmVnaW9uLUF0c2ltby1BdHNpbmFuYW5hLWV0LWxlcy1wYXJ0aWVzLXByZW5hbnRlcy1hLUFnbmFsYXphaGFfU2Vuc2liaWxpc2F0aW9uLTctc2NhbGVkLmpwZyIsInNsaWRlc2hvdyI6ImFsbC0zMDQ2NDMyIn0%3D\">\n\t\t\t\t\t<div class=\"e-gallery-image elementor-gallery-item__image\" data-thumbnail=\"http:\/\/mobot.mg\/conservation\/wp-content\/uploads\/2024\/06\/Visite-du-MEDD-Gouverneur-de-la-region-Atsimo-Atsinanana-et-les-parties-prenantes-a-Agnalazaha_Sensibilisation-7-300x225.jpg\" data-width=\"300\" data-height=\"225\" alt=\"\" ><\/div>\n\t\t\t\t\t\t\t\t\t\t\t<div class=\"elementor-gallery-item__overlay\"><\/div>\n\t\t\t\t\t\t\t\t\t\t\t\t\t\t\t<div class=\"elementor-gallery-item__content\">\n\t\t\t\t\t\t\t\t\t\t\t\t\t\t<div class=\"elementor-gallery-item__title\">\n\t\t\t\t\t\t\t\t\t\t\t\t\t\t\t\t\t\tVisite du MEDD, Gouverneur de la r\u00e9gion Atsimo Atsinanana et les parties prenantes \u00e0 Agnalazaha_Sensibilisation 7\t\t\t\t\t\t\t\t<\/div>\n\t\t\t\t\t\t\t\t\t\t\t\t<\/div>\n\t\t\t\t\t\t\t\t\t<\/a>\n\t\t\t\t\t\t\t<a class=\"e-gallery-item elementor-gallery-item elementor-animated-content\" href=\"http:\/\/mobot.mg\/conservation\/wp-content\/uploads\/2024\/06\/Visite-du-MEDD-Gouverneur-de-la-region-Atsimo-Atsinanana-et-les-parties-prenantes-a-Agnalazaha_Sensibilisation-6-scaled.jpg\" data-elementor-open-lightbox=\"yes\" data-elementor-lightbox-slideshow=\"all-3046432\" data-elementor-lightbox-title=\"Visite du MEDD, Gouverneur de la r\u00e9gion Atsimo Atsinanana et les parties prenantes \u00e0 Agnalazaha_Sensibilisation 6\" data-e-action-hash=\"#elementor-action%3Aaction%3Dlightbox%26settings%3DeyJpZCI6MTQ1NCwidXJsIjoiaHR0cDpcL1wvbW9ib3QubWdcL2NvbnNlcnZhdGlvblwvd3AtY29udGVudFwvdXBsb2Fkc1wvMjAyNFwvMDZcL1Zpc2l0ZS1kdS1NRURELUdvdXZlcm5ldXItZGUtbGEtcmVnaW9uLUF0c2ltby1BdHNpbmFuYW5hLWV0LWxlcy1wYXJ0aWVzLXByZW5hbnRlcy1hLUFnbmFsYXphaGFfU2Vuc2liaWxpc2F0aW9uLTYtc2NhbGVkLmpwZyIsInNsaWRlc2hvdyI6ImFsbC0zMDQ2NDMyIn0%3D\">\n\t\t\t\t\t<div class=\"e-gallery-image elementor-gallery-item__image\" data-thumbnail=\"http:\/\/mobot.mg\/conservation\/wp-content\/uploads\/2024\/06\/Visite-du-MEDD-Gouverneur-de-la-region-Atsimo-Atsinanana-et-les-parties-prenantes-a-Agnalazaha_Sensibilisation-6-300x225.jpg\" data-width=\"300\" data-height=\"225\" alt=\"\" ><\/div>\n\t\t\t\t\t\t\t\t\t\t\t<div class=\"elementor-gallery-item__overlay\"><\/div>\n\t\t\t\t\t\t\t\t\t\t\t\t\t\t\t<div class=\"elementor-gallery-item__content\">\n\t\t\t\t\t\t\t\t\t\t\t\t\t\t<div class=\"elementor-gallery-item__title\">\n\t\t\t\t\t\t\t\t\t\t\t\t\t\t\t\t\t\tVisite du MEDD, Gouverneur de la r\u00e9gion Atsimo Atsinanana et les parties prenantes \u00e0 Agnalazaha_Sensibilisation 6\t\t\t\t\t\t\t\t<\/div>\n\t\t\t\t\t\t\t\t\t\t\t\t<\/div>\n\t\t\t\t\t\t\t\t\t<\/a>\n\t\t\t\t\t\t\t<a class=\"e-gallery-item elementor-gallery-item elementor-animated-content\" href=\"http:\/\/mobot.mg\/conservation\/wp-content\/uploads\/2024\/06\/Visite-du-MEDD-Gouverneur-de-la-region-Atsimo-Atsinanana-et-les-parties-prenantes-a-Agnalazaha_Sensibilisation-5-scaled.jpg\" data-elementor-open-lightbox=\"yes\" data-elementor-lightbox-slideshow=\"all-3046432\" data-elementor-lightbox-title=\"Visite du MEDD, Gouverneur de la r\u00e9gion Atsimo Atsinanana et les parties prenantes \u00e0 Agnalazaha_Sensibilisation 5\" data-e-action-hash=\"#elementor-action%3Aaction%3Dlightbox%26settings%3DeyJpZCI6MTQ1MywidXJsIjoiaHR0cDpcL1wvbW9ib3QubWdcL2NvbnNlcnZhdGlvblwvd3AtY29udGVudFwvdXBsb2Fkc1wvMjAyNFwvMDZcL1Zpc2l0ZS1kdS1NRURELUdvdXZlcm5ldXItZGUtbGEtcmVnaW9uLUF0c2ltby1BdHNpbmFuYW5hLWV0LWxlcy1wYXJ0aWVzLXByZW5hbnRlcy1hLUFnbmFsYXphaGFfU2Vuc2liaWxpc2F0aW9uLTUtc2NhbGVkLmpwZyIsInNsaWRlc2hvdyI6ImFsbC0zMDQ2NDMyIn0%3D\">\n\t\t\t\t\t<div class=\"e-gallery-image elementor-gallery-item__image\" data-thumbnail=\"http:\/\/mobot.mg\/conservation\/wp-content\/uploads\/2024\/06\/Visite-du-MEDD-Gouverneur-de-la-region-Atsimo-Atsinanana-et-les-parties-prenantes-a-Agnalazaha_Sensibilisation-5-300x225.jpg\" data-width=\"300\" data-height=\"225\" alt=\"\" ><\/div>\n\t\t\t\t\t\t\t\t\t\t\t<div class=\"elementor-gallery-item__overlay\"><\/div>\n\t\t\t\t\t\t\t\t\t\t\t\t\t\t\t<div class=\"elementor-gallery-item__content\">\n\t\t\t\t\t\t\t\t\t\t\t\t\t\t<div class=\"elementor-gallery-item__title\">\n\t\t\t\t\t\t\t\t\t\t\t\t\t\t\t\t\t\tVisite du MEDD, Gouverneur de la r\u00e9gion Atsimo Atsinanana et les parties prenantes \u00e0 Agnalazaha_Sensibilisation 5\t\t\t\t\t\t\t\t<\/div>\n\t\t\t\t\t\t\t\t\t\t\t\t<\/div>\n\t\t\t\t\t\t\t\t\t<\/a>\n\t\t\t\t\t\t\t<a class=\"e-gallery-item elementor-gallery-item elementor-animated-content\" href=\"http:\/\/mobot.mg\/conservation\/wp-content\/uploads\/2024\/06\/Visite-du-MEDD-Gouverneur-de-la-region-Atsimo-Atsinanana-et-les-parties-prenantes-a-Agnalazaha_Sensibilisation-4-scaled.jpg\" data-elementor-open-lightbox=\"yes\" data-elementor-lightbox-slideshow=\"all-3046432\" data-elementor-lightbox-title=\"Visite du MEDD, Gouverneur de la r\u00e9gion Atsimo Atsinanana et les parties prenantes \u00e0 Agnalazaha_Sensibilisation 4\" data-e-action-hash=\"#elementor-action%3Aaction%3Dlightbox%26settings%3DeyJpZCI6MTQ1MiwidXJsIjoiaHR0cDpcL1wvbW9ib3QubWdcL2NvbnNlcnZhdGlvblwvd3AtY29udGVudFwvdXBsb2Fkc1wvMjAyNFwvMDZcL1Zpc2l0ZS1kdS1NRURELUdvdXZlcm5ldXItZGUtbGEtcmVnaW9uLUF0c2ltby1BdHNpbmFuYW5hLWV0LWxlcy1wYXJ0aWVzLXByZW5hbnRlcy1hLUFnbmFsYXphaGFfU2Vuc2liaWxpc2F0aW9uLTQtc2NhbGVkLmpwZyIsInNsaWRlc2hvdyI6ImFsbC0zMDQ2NDMyIn0%3D\">\n\t\t\t\t\t<div class=\"e-gallery-image elementor-gallery-item__image\" data-thumbnail=\"http:\/\/mobot.mg\/conservation\/wp-content\/uploads\/2024\/06\/Visite-du-MEDD-Gouverneur-de-la-region-Atsimo-Atsinanana-et-les-parties-prenantes-a-Agnalazaha_Sensibilisation-4-300x225.jpg\" data-width=\"300\" data-height=\"225\" alt=\"\" ><\/div>\n\t\t\t\t\t\t\t\t\t\t\t<div class=\"elementor-gallery-item__overlay\"><\/div>\n\t\t\t\t\t\t\t\t\t\t\t\t\t\t\t<div class=\"elementor-gallery-item__content\">\n\t\t\t\t\t\t\t\t\t\t\t\t\t\t<div class=\"elementor-gallery-item__title\">\n\t\t\t\t\t\t\t\t\t\t\t\t\t\t\t\t\t\tVisite du MEDD, Gouverneur de la r\u00e9gion Atsimo Atsinanana et les parties prenantes \u00e0 Agnalazaha_Sensibilisation 4\t\t\t\t\t\t\t\t<\/div>\n\t\t\t\t\t\t\t\t\t\t\t\t<\/div>\n\t\t\t\t\t\t\t\t\t<\/a>\n\t\t\t\t\t\t\t<a class=\"e-gallery-item elementor-gallery-item elementor-animated-content\" href=\"http:\/\/mobot.mg\/conservation\/wp-content\/uploads\/2024\/06\/Visite-du-MEDD-Gouverneur-de-la-region-Atsimo-Atsinanana-et-les-parties-prenantes-a-Agnalazaha_Sensibilisation-3-scaled.jpg\" data-elementor-open-lightbox=\"yes\" data-elementor-lightbox-slideshow=\"all-3046432\" data-elementor-lightbox-title=\"Visite du MEDD, Gouverneur de la r\u00e9gion Atsimo Atsinanana et les parties prenantes \u00e0 Agnalazaha_Sensibilisation 3\" data-e-action-hash=\"#elementor-action%3Aaction%3Dlightbox%26settings%3DeyJpZCI6MTQ1MSwidXJsIjoiaHR0cDpcL1wvbW9ib3QubWdcL2NvbnNlcnZhdGlvblwvd3AtY29udGVudFwvdXBsb2Fkc1wvMjAyNFwvMDZcL1Zpc2l0ZS1kdS1NRURELUdvdXZlcm5ldXItZGUtbGEtcmVnaW9uLUF0c2ltby1BdHNpbmFuYW5hLWV0LWxlcy1wYXJ0aWVzLXByZW5hbnRlcy1hLUFnbmFsYXphaGFfU2Vuc2liaWxpc2F0aW9uLTMtc2NhbGVkLmpwZyIsInNsaWRlc2hvdyI6ImFsbC0zMDQ2NDMyIn0%3D\">\n\t\t\t\t\t<div class=\"e-gallery-image elementor-gallery-item__image\" data-thumbnail=\"http:\/\/mobot.mg\/conservation\/wp-content\/uploads\/2024\/06\/Visite-du-MEDD-Gouverneur-de-la-region-Atsimo-Atsinanana-et-les-parties-prenantes-a-Agnalazaha_Sensibilisation-3-300x225.jpg\" data-width=\"300\" data-height=\"225\" alt=\"\" ><\/div>\n\t\t\t\t\t\t\t\t\t\t\t<div class=\"elementor-gallery-item__overlay\"><\/div>\n\t\t\t\t\t\t\t\t\t\t\t\t\t\t\t<div class=\"elementor-gallery-item__content\">\n\t\t\t\t\t\t\t\t\t\t\t\t\t\t<div class=\"elementor-gallery-item__title\">\n\t\t\t\t\t\t\t\t\t\t\t\t\t\t\t\t\t\tVisite du MEDD, Gouverneur de la r\u00e9gion Atsimo Atsinanana et les parties prenantes \u00e0 Agnalazaha_Sensibilisation 3\t\t\t\t\t\t\t\t<\/div>\n\t\t\t\t\t\t\t\t\t\t\t\t<\/div>\n\t\t\t\t\t\t\t\t\t<\/a>\n\t\t\t\t\t\t\t<a class=\"e-gallery-item elementor-gallery-item elementor-animated-content\" href=\"http:\/\/mobot.mg\/conservation\/wp-content\/uploads\/2024\/06\/Visite-du-MEDD-Gouverneur-de-la-region-Atsimo-Atsinanana-et-les-parties-prenantes-a-Agnalazaha_Sensibilisation-2-scaled.jpg\" data-elementor-open-lightbox=\"yes\" data-elementor-lightbox-slideshow=\"all-3046432\" data-elementor-lightbox-title=\"Visite du MEDD, Gouverneur de la r\u00e9gion Atsimo Atsinanana et les parties prenantes \u00e0 Agnalazaha_Sensibilisation 2\" data-e-action-hash=\"#elementor-action%3Aaction%3Dlightbox%26settings%3DeyJpZCI6MTQ1MCwidXJsIjoiaHR0cDpcL1wvbW9ib3QubWdcL2NvbnNlcnZhdGlvblwvd3AtY29udGVudFwvdXBsb2Fkc1wvMjAyNFwvMDZcL1Zpc2l0ZS1kdS1NRURELUdvdXZlcm5ldXItZGUtbGEtcmVnaW9uLUF0c2ltby1BdHNpbmFuYW5hLWV0LWxlcy1wYXJ0aWVzLXByZW5hbnRlcy1hLUFnbmFsYXphaGFfU2Vuc2liaWxpc2F0aW9uLTItc2NhbGVkLmpwZyIsInNsaWRlc2hvdyI6ImFsbC0zMDQ2NDMyIn0%3D\">\n\t\t\t\t\t<div class=\"e-gallery-image elementor-gallery-item__image\" data-thumbnail=\"http:\/\/mobot.mg\/conservation\/wp-content\/uploads\/2024\/06\/Visite-du-MEDD-Gouverneur-de-la-region-Atsimo-Atsinanana-et-les-parties-prenantes-a-Agnalazaha_Sensibilisation-2-300x225.jpg\" data-width=\"300\" data-height=\"225\" alt=\"\" ><\/div>\n\t\t\t\t\t\t\t\t\t\t\t<div class=\"elementor-gallery-item__overlay\"><\/div>\n\t\t\t\t\t\t\t\t\t\t\t\t\t\t\t<div class=\"elementor-gallery-item__content\">\n\t\t\t\t\t\t\t\t\t\t\t\t\t\t<div class=\"elementor-gallery-item__title\">\n\t\t\t\t\t\t\t\t\t\t\t\t\t\t\t\t\t\tVisite du MEDD, Gouverneur de la r\u00e9gion Atsimo Atsinanana et les parties prenantes \u00e0 Agnalazaha_Sensibilisation 2\t\t\t\t\t\t\t\t<\/div>\n\t\t\t\t\t\t\t\t\t\t\t\t<\/div>\n\t\t\t\t\t\t\t\t\t<\/a>\n\t\t\t\t\t\t\t<a class=\"e-gallery-item elementor-gallery-item elementor-animated-content\" href=\"http:\/\/mobot.mg\/conservation\/wp-content\/uploads\/2024\/06\/Visite-du-MEDD-Gouverneur-de-la-region-Atsimo-Atsinanana-et-les-parties-prenantes-a-Agnalazaha_Pepiniere-scaled.jpg\" data-elementor-open-lightbox=\"yes\" data-elementor-lightbox-slideshow=\"all-3046432\" data-elementor-lightbox-title=\"Visite du MEDD, Gouverneur de la r\u00e9gion Atsimo Atsinanana et les parties prenantes \u00e0 Agnalazaha_P\u00e9pini\u00e8re\" data-e-action-hash=\"#elementor-action%3Aaction%3Dlightbox%26settings%3DeyJpZCI6MTQ0OSwidXJsIjoiaHR0cDpcL1wvbW9ib3QubWdcL2NvbnNlcnZhdGlvblwvd3AtY29udGVudFwvdXBsb2Fkc1wvMjAyNFwvMDZcL1Zpc2l0ZS1kdS1NRURELUdvdXZlcm5ldXItZGUtbGEtcmVnaW9uLUF0c2ltby1BdHNpbmFuYW5hLWV0LWxlcy1wYXJ0aWVzLXByZW5hbnRlcy1hLUFnbmFsYXphaGFfUGVwaW5pZXJlLXNjYWxlZC5qcGciLCJzbGlkZXNob3ciOiJhbGwtMzA0NjQzMiJ9\">\n\t\t\t\t\t<div class=\"e-gallery-image elementor-gallery-item__image\" data-thumbnail=\"http:\/\/mobot.mg\/conservation\/wp-content\/uploads\/2024\/06\/Visite-du-MEDD-Gouverneur-de-la-region-Atsimo-Atsinanana-et-les-parties-prenantes-a-Agnalazaha_Pepiniere-300x225.jpg\" data-width=\"300\" data-height=\"225\" alt=\"\" ><\/div>\n\t\t\t\t\t\t\t\t\t\t\t<div class=\"elementor-gallery-item__overlay\"><\/div>\n\t\t\t\t\t\t\t\t\t\t\t\t\t\t\t<div class=\"elementor-gallery-item__content\">\n\t\t\t\t\t\t\t\t\t\t\t\t\t\t<div class=\"elementor-gallery-item__title\">\n\t\t\t\t\t\t\t\t\t\t\t\t\t\t\t\t\t\tVisite du MEDD, Gouverneur de la r\u00e9gion Atsimo Atsinanana et les parties prenantes \u00e0 Agnalazaha_P\u00e9pini\u00e8re\t\t\t\t\t\t\t\t<\/div>\n\t\t\t\t\t\t\t\t\t\t\t\t<\/div>\n\t\t\t\t\t\t\t\t\t<\/a>\n\t\t\t\t\t\t\t<a class=\"e-gallery-item elementor-gallery-item elementor-animated-content\" href=\"http:\/\/mobot.mg\/conservation\/wp-content\/uploads\/2024\/06\/Visite-du-MEDD-Gouverneur-de-la-region-Atsimo-Atsinanana-et-les-parties-prenantes-a-Agnalazaha_Pepiniere-11-scaled.jpg\" data-elementor-open-lightbox=\"yes\" data-elementor-lightbox-slideshow=\"all-3046432\" data-elementor-lightbox-title=\"Visite du MEDD, Gouverneur de la r\u00e9gion Atsimo Atsinanana et les parties prenantes \u00e0 Agnalazaha_P\u00e9pini\u00e8re 11\" data-e-action-hash=\"#elementor-action%3Aaction%3Dlightbox%26settings%3DeyJpZCI6MTQ0OCwidXJsIjoiaHR0cDpcL1wvbW9ib3QubWdcL2NvbnNlcnZhdGlvblwvd3AtY29udGVudFwvdXBsb2Fkc1wvMjAyNFwvMDZcL1Zpc2l0ZS1kdS1NRURELUdvdXZlcm5ldXItZGUtbGEtcmVnaW9uLUF0c2ltby1BdHNpbmFuYW5hLWV0LWxlcy1wYXJ0aWVzLXByZW5hbnRlcy1hLUFnbmFsYXphaGFfUGVwaW5pZXJlLTExLXNjYWxlZC5qcGciLCJzbGlkZXNob3ciOiJhbGwtMzA0NjQzMiJ9\">\n\t\t\t\t\t<div class=\"e-gallery-image elementor-gallery-item__image\" data-thumbnail=\"http:\/\/mobot.mg\/conservation\/wp-content\/uploads\/2024\/06\/Visite-du-MEDD-Gouverneur-de-la-region-Atsimo-Atsinanana-et-les-parties-prenantes-a-Agnalazaha_Pepiniere-11-300x225.jpg\" data-width=\"300\" data-height=\"225\" alt=\"\" ><\/div>\n\t\t\t\t\t\t\t\t\t\t\t<div class=\"elementor-gallery-item__overlay\"><\/div>\n\t\t\t\t\t\t\t\t\t\t\t\t\t\t\t<div class=\"elementor-gallery-item__content\">\n\t\t\t\t\t\t\t\t\t\t\t\t\t\t<div class=\"elementor-gallery-item__title\">\n\t\t\t\t\t\t\t\t\t\t\t\t\t\t\t\t\t\tVisite du MEDD, Gouverneur de la r\u00e9gion Atsimo Atsinanana et les parties prenantes \u00e0 Agnalazaha_P\u00e9pini\u00e8re 11\t\t\t\t\t\t\t\t<\/div>\n\t\t\t\t\t\t\t\t\t\t\t\t<\/div>\n\t\t\t\t\t\t\t\t\t<\/a>\n\t\t\t\t\t\t\t<a class=\"e-gallery-item elementor-gallery-item elementor-animated-content\" href=\"http:\/\/mobot.mg\/conservation\/wp-content\/uploads\/2024\/06\/Visite-du-MEDD-Gouverneur-de-la-region-Atsimo-Atsinanana-et-les-parties-prenantes-a-Agnalazaha_Pepiniere-10-scaled.jpg\" data-elementor-open-lightbox=\"yes\" data-elementor-lightbox-slideshow=\"all-3046432\" data-elementor-lightbox-title=\"Visite du MEDD, Gouverneur de la r\u00e9gion Atsimo Atsinanana et les parties prenantes \u00e0 Agnalazaha_P\u00e9pini\u00e8re 10\" data-e-action-hash=\"#elementor-action%3Aaction%3Dlightbox%26settings%3DeyJpZCI6MTQ0NywidXJsIjoiaHR0cDpcL1wvbW9ib3QubWdcL2NvbnNlcnZhdGlvblwvd3AtY29udGVudFwvdXBsb2Fkc1wvMjAyNFwvMDZcL1Zpc2l0ZS1kdS1NRURELUdvdXZlcm5ldXItZGUtbGEtcmVnaW9uLUF0c2ltby1BdHNpbmFuYW5hLWV0LWxlcy1wYXJ0aWVzLXByZW5hbnRlcy1hLUFnbmFsYXphaGFfUGVwaW5pZXJlLTEwLXNjYWxlZC5qcGciLCJzbGlkZXNob3ciOiJhbGwtMzA0NjQzMiJ9\">\n\t\t\t\t\t<div class=\"e-gallery-image elementor-gallery-item__image\" data-thumbnail=\"http:\/\/mobot.mg\/conservation\/wp-content\/uploads\/2024\/06\/Visite-du-MEDD-Gouverneur-de-la-region-Atsimo-Atsinanana-et-les-parties-prenantes-a-Agnalazaha_Pepiniere-10-300x225.jpg\" data-width=\"300\" data-height=\"225\" alt=\"\" ><\/div>\n\t\t\t\t\t\t\t\t\t\t\t<div class=\"elementor-gallery-item__overlay\"><\/div>\n\t\t\t\t\t\t\t\t\t\t\t\t\t\t\t<div class=\"elementor-gallery-item__content\">\n\t\t\t\t\t\t\t\t\t\t\t\t\t\t<div class=\"elementor-gallery-item__title\">\n\t\t\t\t\t\t\t\t\t\t\t\t\t\t\t\t\t\tVisite du MEDD, Gouverneur de la r\u00e9gion Atsimo Atsinanana et les parties prenantes \u00e0 Agnalazaha_P\u00e9pini\u00e8re 10\t\t\t\t\t\t\t\t<\/div>\n\t\t\t\t\t\t\t\t\t\t\t\t<\/div>\n\t\t\t\t\t\t\t\t\t<\/a>\n\t\t\t\t\t\t\t<a class=\"e-gallery-item elementor-gallery-item elementor-animated-content\" href=\"http:\/\/mobot.mg\/conservation\/wp-content\/uploads\/2024\/06\/Visite-du-MEDD-Gouverneur-de-la-region-Atsimo-Atsinanana-et-les-parties-prenantes-a-Agnalazaha_Pepiniere-9-scaled.jpg\" data-elementor-open-lightbox=\"yes\" data-elementor-lightbox-slideshow=\"all-3046432\" data-elementor-lightbox-title=\"Visite du MEDD, Gouverneur de la r\u00e9gion Atsimo Atsinanana et les parties prenantes \u00e0 Agnalazaha_P\u00e9pini\u00e8re 9\" data-e-action-hash=\"#elementor-action%3Aaction%3Dlightbox%26settings%3DeyJpZCI6MTQ0NiwidXJsIjoiaHR0cDpcL1wvbW9ib3QubWdcL2NvbnNlcnZhdGlvblwvd3AtY29udGVudFwvdXBsb2Fkc1wvMjAyNFwvMDZcL1Zpc2l0ZS1kdS1NRURELUdvdXZlcm5ldXItZGUtbGEtcmVnaW9uLUF0c2ltby1BdHNpbmFuYW5hLWV0LWxlcy1wYXJ0aWVzLXByZW5hbnRlcy1hLUFnbmFsYXphaGFfUGVwaW5pZXJlLTktc2NhbGVkLmpwZyIsInNsaWRlc2hvdyI6ImFsbC0zMDQ2NDMyIn0%3D\">\n\t\t\t\t\t<div class=\"e-gallery-image elementor-gallery-item__image\" data-thumbnail=\"http:\/\/mobot.mg\/conservation\/wp-content\/uploads\/2024\/06\/Visite-du-MEDD-Gouverneur-de-la-region-Atsimo-Atsinanana-et-les-parties-prenantes-a-Agnalazaha_Pepiniere-9-300x225.jpg\" data-width=\"300\" data-height=\"225\" alt=\"\" ><\/div>\n\t\t\t\t\t\t\t\t\t\t\t<div class=\"elementor-gallery-item__overlay\"><\/div>\n\t\t\t\t\t\t\t\t\t\t\t\t\t\t\t<div class=\"elementor-gallery-item__content\">\n\t\t\t\t\t\t\t\t\t\t\t\t\t\t<div class=\"elementor-gallery-item__title\">\n\t\t\t\t\t\t\t\t\t\t\t\t\t\t\t\t\t\tVisite du MEDD, Gouverneur de la r\u00e9gion Atsimo Atsinanana et les parties prenantes \u00e0 Agnalazaha_P\u00e9pini\u00e8re 9\t\t\t\t\t\t\t\t<\/div>\n\t\t\t\t\t\t\t\t\t\t\t\t<\/div>\n\t\t\t\t\t\t\t\t\t<\/a>\n\t\t\t\t\t\t\t<a class=\"e-gallery-item elementor-gallery-item elementor-animated-content\" href=\"http:\/\/mobot.mg\/conservation\/wp-content\/uploads\/2024\/06\/Visite-du-MEDD-Gouverneur-de-la-region-Atsimo-Atsinanana-et-les-parties-prenantes-a-Agnalazaha_Pepiniere-8-scaled.jpg\" data-elementor-open-lightbox=\"yes\" data-elementor-lightbox-slideshow=\"all-3046432\" data-elementor-lightbox-title=\"Visite du MEDD, Gouverneur de la r\u00e9gion Atsimo Atsinanana et les parties prenantes \u00e0 Agnalazaha_P\u00e9pini\u00e8re 8\" data-e-action-hash=\"#elementor-action%3Aaction%3Dlightbox%26settings%3DeyJpZCI6MTQ0NSwidXJsIjoiaHR0cDpcL1wvbW9ib3QubWdcL2NvbnNlcnZhdGlvblwvd3AtY29udGVudFwvdXBsb2Fkc1wvMjAyNFwvMDZcL1Zpc2l0ZS1kdS1NRURELUdvdXZlcm5ldXItZGUtbGEtcmVnaW9uLUF0c2ltby1BdHNpbmFuYW5hLWV0LWxlcy1wYXJ0aWVzLXByZW5hbnRlcy1hLUFnbmFsYXphaGFfUGVwaW5pZXJlLTgtc2NhbGVkLmpwZyIsInNsaWRlc2hvdyI6ImFsbC0zMDQ2NDMyIn0%3D\">\n\t\t\t\t\t<div class=\"e-gallery-image elementor-gallery-item__image\" data-thumbnail=\"http:\/\/mobot.mg\/conservation\/wp-content\/uploads\/2024\/06\/Visite-du-MEDD-Gouverneur-de-la-region-Atsimo-Atsinanana-et-les-parties-prenantes-a-Agnalazaha_Pepiniere-8-300x225.jpg\" data-width=\"300\" data-height=\"225\" alt=\"\" ><\/div>\n\t\t\t\t\t\t\t\t\t\t\t<div class=\"elementor-gallery-item__overlay\"><\/div>\n\t\t\t\t\t\t\t\t\t\t\t\t\t\t\t<div class=\"elementor-gallery-item__content\">\n\t\t\t\t\t\t\t\t\t\t\t\t\t\t<div class=\"elementor-gallery-item__title\">\n\t\t\t\t\t\t\t\t\t\t\t\t\t\t\t\t\t\tVisite du MEDD, Gouverneur de la r\u00e9gion Atsimo Atsinanana et les parties prenantes \u00e0 Agnalazaha_P\u00e9pini\u00e8re 8\t\t\t\t\t\t\t\t<\/div>\n\t\t\t\t\t\t\t\t\t\t\t\t<\/div>\n\t\t\t\t\t\t\t\t\t<\/a>\n\t\t\t\t\t\t\t<a class=\"e-gallery-item elementor-gallery-item elementor-animated-content\" href=\"http:\/\/mobot.mg\/conservation\/wp-content\/uploads\/2024\/06\/Visite-du-MEDD-Gouverneur-de-la-region-Atsimo-Atsinanana-et-les-parties-prenantes-a-Agnalazaha_Pepiniere-7-scaled.jpg\" data-elementor-open-lightbox=\"yes\" data-elementor-lightbox-slideshow=\"all-3046432\" data-elementor-lightbox-title=\"Visite du MEDD, Gouverneur de la r\u00e9gion Atsimo Atsinanana et les parties prenantes \u00e0 Agnalazaha_P\u00e9pini\u00e8re 7\" data-e-action-hash=\"#elementor-action%3Aaction%3Dlightbox%26settings%3DeyJpZCI6MTQ0NCwidXJsIjoiaHR0cDpcL1wvbW9ib3QubWdcL2NvbnNlcnZhdGlvblwvd3AtY29udGVudFwvdXBsb2Fkc1wvMjAyNFwvMDZcL1Zpc2l0ZS1kdS1NRURELUdvdXZlcm5ldXItZGUtbGEtcmVnaW9uLUF0c2ltby1BdHNpbmFuYW5hLWV0LWxlcy1wYXJ0aWVzLXByZW5hbnRlcy1hLUFnbmFsYXphaGFfUGVwaW5pZXJlLTctc2NhbGVkLmpwZyIsInNsaWRlc2hvdyI6ImFsbC0zMDQ2NDMyIn0%3D\">\n\t\t\t\t\t<div class=\"e-gallery-image elementor-gallery-item__image\" data-thumbnail=\"http:\/\/mobot.mg\/conservation\/wp-content\/uploads\/2024\/06\/Visite-du-MEDD-Gouverneur-de-la-region-Atsimo-Atsinanana-et-les-parties-prenantes-a-Agnalazaha_Pepiniere-7-300x225.jpg\" data-width=\"300\" data-height=\"225\" alt=\"\" ><\/div>\n\t\t\t\t\t\t\t\t\t\t\t<div class=\"elementor-gallery-item__overlay\"><\/div>\n\t\t\t\t\t\t\t\t\t\t\t\t\t\t\t<div class=\"elementor-gallery-item__content\">\n\t\t\t\t\t\t\t\t\t\t\t\t\t\t<div class=\"elementor-gallery-item__title\">\n\t\t\t\t\t\t\t\t\t\t\t\t\t\t\t\t\t\tVisite du MEDD, Gouverneur de la r\u00e9gion Atsimo Atsinanana et les parties prenantes \u00e0 Agnalazaha_P\u00e9pini\u00e8re 7\t\t\t\t\t\t\t\t<\/div>\n\t\t\t\t\t\t\t\t\t\t\t\t<\/div>\n\t\t\t\t\t\t\t\t\t<\/a>\n\t\t\t\t\t\t\t<a class=\"e-gallery-item elementor-gallery-item elementor-animated-content\" href=\"http:\/\/mobot.mg\/conservation\/wp-content\/uploads\/2024\/06\/Visite-du-MEDD-Gouverneur-de-la-region-Atsimo-Atsinanana-et-les-parties-prenantes-a-Agnalazaha_Pepiniere-6-scaled.jpg\" data-elementor-open-lightbox=\"yes\" data-elementor-lightbox-slideshow=\"all-3046432\" data-elementor-lightbox-title=\"Visite du MEDD, Gouverneur de la r\u00e9gion Atsimo Atsinanana et les parties prenantes \u00e0 Agnalazaha_P\u00e9pini\u00e8re 6\" data-e-action-hash=\"#elementor-action%3Aaction%3Dlightbox%26settings%3DeyJpZCI6MTQ0MywidXJsIjoiaHR0cDpcL1wvbW9ib3QubWdcL2NvbnNlcnZhdGlvblwvd3AtY29udGVudFwvdXBsb2Fkc1wvMjAyNFwvMDZcL1Zpc2l0ZS1kdS1NRURELUdvdXZlcm5ldXItZGUtbGEtcmVnaW9uLUF0c2ltby1BdHNpbmFuYW5hLWV0LWxlcy1wYXJ0aWVzLXByZW5hbnRlcy1hLUFnbmFsYXphaGFfUGVwaW5pZXJlLTYtc2NhbGVkLmpwZyIsInNsaWRlc2hvdyI6ImFsbC0zMDQ2NDMyIn0%3D\">\n\t\t\t\t\t<div class=\"e-gallery-image elementor-gallery-item__image\" data-thumbnail=\"http:\/\/mobot.mg\/conservation\/wp-content\/uploads\/2024\/06\/Visite-du-MEDD-Gouverneur-de-la-region-Atsimo-Atsinanana-et-les-parties-prenantes-a-Agnalazaha_Pepiniere-6-300x225.jpg\" data-width=\"300\" data-height=\"225\" alt=\"\" ><\/div>\n\t\t\t\t\t\t\t\t\t\t\t<div class=\"elementor-gallery-item__overlay\"><\/div>\n\t\t\t\t\t\t\t\t\t\t\t\t\t\t\t<div class=\"elementor-gallery-item__content\">\n\t\t\t\t\t\t\t\t\t\t\t\t\t\t<div class=\"elementor-gallery-item__title\">\n\t\t\t\t\t\t\t\t\t\t\t\t\t\t\t\t\t\tVisite du MEDD, Gouverneur de la r\u00e9gion Atsimo Atsinanana et les parties prenantes \u00e0 Agnalazaha_P\u00e9pini\u00e8re 6\t\t\t\t\t\t\t\t<\/div>\n\t\t\t\t\t\t\t\t\t\t\t\t<\/div>\n\t\t\t\t\t\t\t\t\t<\/a>\n\t\t\t\t\t\t\t<a class=\"e-gallery-item elementor-gallery-item elementor-animated-content\" href=\"http:\/\/mobot.mg\/conservation\/wp-content\/uploads\/2024\/06\/Visite-du-MEDD-Gouverneur-de-la-region-Atsimo-Atsinanana-et-les-parties-prenantes-a-Agnalazaha_Pepiniere-5-scaled.jpg\" data-elementor-open-lightbox=\"yes\" data-elementor-lightbox-slideshow=\"all-3046432\" data-elementor-lightbox-title=\"Visite du MEDD, Gouverneur de la r\u00e9gion Atsimo Atsinanana et les parties prenantes \u00e0 Agnalazaha_P\u00e9pini\u00e8re 5\" data-e-action-hash=\"#elementor-action%3Aaction%3Dlightbox%26settings%3DeyJpZCI6MTQ0MiwidXJsIjoiaHR0cDpcL1wvbW9ib3QubWdcL2NvbnNlcnZhdGlvblwvd3AtY29udGVudFwvdXBsb2Fkc1wvMjAyNFwvMDZcL1Zpc2l0ZS1kdS1NRURELUdvdXZlcm5ldXItZGUtbGEtcmVnaW9uLUF0c2ltby1BdHNpbmFuYW5hLWV0LWxlcy1wYXJ0aWVzLXByZW5hbnRlcy1hLUFnbmFsYXphaGFfUGVwaW5pZXJlLTUtc2NhbGVkLmpwZyIsInNsaWRlc2hvdyI6ImFsbC0zMDQ2NDMyIn0%3D\">\n\t\t\t\t\t<div class=\"e-gallery-image elementor-gallery-item__image\" data-thumbnail=\"http:\/\/mobot.mg\/conservation\/wp-content\/uploads\/2024\/06\/Visite-du-MEDD-Gouverneur-de-la-region-Atsimo-Atsinanana-et-les-parties-prenantes-a-Agnalazaha_Pepiniere-5-300x225.jpg\" data-width=\"300\" data-height=\"225\" alt=\"\" ><\/div>\n\t\t\t\t\t\t\t\t\t\t\t<div class=\"elementor-gallery-item__overlay\"><\/div>\n\t\t\t\t\t\t\t\t\t\t\t\t\t\t\t<div class=\"elementor-gallery-item__content\">\n\t\t\t\t\t\t\t\t\t\t\t\t\t\t<div class=\"elementor-gallery-item__title\">\n\t\t\t\t\t\t\t\t\t\t\t\t\t\t\t\t\t\tVisite du MEDD, Gouverneur de la r\u00e9gion Atsimo Atsinanana et les parties prenantes \u00e0 Agnalazaha_P\u00e9pini\u00e8re 5\t\t\t\t\t\t\t\t<\/div>\n\t\t\t\t\t\t\t\t\t\t\t\t<\/div>\n\t\t\t\t\t\t\t\t\t<\/a>\n\t\t\t\t\t\t\t<a class=\"e-gallery-item elementor-gallery-item elementor-animated-content\" href=\"http:\/\/mobot.mg\/conservation\/wp-content\/uploads\/2024\/06\/Visite-du-MEDD-Gouverneur-de-la-region-Atsimo-Atsinanana-et-les-parties-prenantes-a-Agnalazaha_Pepiniere-4-scaled.jpg\" data-elementor-open-lightbox=\"yes\" data-elementor-lightbox-slideshow=\"all-3046432\" data-elementor-lightbox-title=\"Visite du MEDD, Gouverneur de la r\u00e9gion Atsimo Atsinanana et les parties prenantes \u00e0 Agnalazaha_P\u00e9pini\u00e8re 4\" data-e-action-hash=\"#elementor-action%3Aaction%3Dlightbox%26settings%3DeyJpZCI6MTQ0MSwidXJsIjoiaHR0cDpcL1wvbW9ib3QubWdcL2NvbnNlcnZhdGlvblwvd3AtY29udGVudFwvdXBsb2Fkc1wvMjAyNFwvMDZcL1Zpc2l0ZS1kdS1NRURELUdvdXZlcm5ldXItZGUtbGEtcmVnaW9uLUF0c2ltby1BdHNpbmFuYW5hLWV0LWxlcy1wYXJ0aWVzLXByZW5hbnRlcy1hLUFnbmFsYXphaGFfUGVwaW5pZXJlLTQtc2NhbGVkLmpwZyIsInNsaWRlc2hvdyI6ImFsbC0zMDQ2NDMyIn0%3D\">\n\t\t\t\t\t<div class=\"e-gallery-image elementor-gallery-item__image\" data-thumbnail=\"http:\/\/mobot.mg\/conservation\/wp-content\/uploads\/2024\/06\/Visite-du-MEDD-Gouverneur-de-la-region-Atsimo-Atsinanana-et-les-parties-prenantes-a-Agnalazaha_Pepiniere-4-300x225.jpg\" data-width=\"300\" data-height=\"225\" alt=\"\" ><\/div>\n\t\t\t\t\t\t\t\t\t\t\t<div class=\"elementor-gallery-item__overlay\"><\/div>\n\t\t\t\t\t\t\t\t\t\t\t\t\t\t\t<div class=\"elementor-gallery-item__content\">\n\t\t\t\t\t\t\t\t\t\t\t\t\t\t<div class=\"elementor-gallery-item__title\">\n\t\t\t\t\t\t\t\t\t\t\t\t\t\t\t\t\t\tVisite du MEDD, Gouverneur de la r\u00e9gion Atsimo Atsinanana et les parties prenantes \u00e0 Agnalazaha_P\u00e9pini\u00e8re 4\t\t\t\t\t\t\t\t<\/div>\n\t\t\t\t\t\t\t\t\t\t\t\t<\/div>\n\t\t\t\t\t\t\t\t\t<\/a>\n\t\t\t\t\t\t\t<a class=\"e-gallery-item elementor-gallery-item elementor-animated-content\" href=\"http:\/\/mobot.mg\/conservation\/wp-content\/uploads\/2024\/06\/Visite-du-MEDD-Gouverneur-de-la-region-Atsimo-Atsinanana-et-les-parties-prenantes-a-Agnalazaha_Pepiniere-3-scaled.jpg\" data-elementor-open-lightbox=\"yes\" data-elementor-lightbox-slideshow=\"all-3046432\" data-elementor-lightbox-title=\"Visite du MEDD, Gouverneur de la r\u00e9gion Atsimo Atsinanana et les parties prenantes \u00e0 Agnalazaha_P\u00e9pini\u00e8re 3\" data-e-action-hash=\"#elementor-action%3Aaction%3Dlightbox%26settings%3DeyJpZCI6MTQ0MCwidXJsIjoiaHR0cDpcL1wvbW9ib3QubWdcL2NvbnNlcnZhdGlvblwvd3AtY29udGVudFwvdXBsb2Fkc1wvMjAyNFwvMDZcL1Zpc2l0ZS1kdS1NRURELUdvdXZlcm5ldXItZGUtbGEtcmVnaW9uLUF0c2ltby1BdHNpbmFuYW5hLWV0LWxlcy1wYXJ0aWVzLXByZW5hbnRlcy1hLUFnbmFsYXphaGFfUGVwaW5pZXJlLTMtc2NhbGVkLmpwZyIsInNsaWRlc2hvdyI6ImFsbC0zMDQ2NDMyIn0%3D\">\n\t\t\t\t\t<div class=\"e-gallery-image elementor-gallery-item__image\" data-thumbnail=\"http:\/\/mobot.mg\/conservation\/wp-content\/uploads\/2024\/06\/Visite-du-MEDD-Gouverneur-de-la-region-Atsimo-Atsinanana-et-les-parties-prenantes-a-Agnalazaha_Pepiniere-3-300x225.jpg\" data-width=\"300\" data-height=\"225\" alt=\"\" ><\/div>\n\t\t\t\t\t\t\t\t\t\t\t<div class=\"elementor-gallery-item__overlay\"><\/div>\n\t\t\t\t\t\t\t\t\t\t\t\t\t\t\t<div class=\"elementor-gallery-item__content\">\n\t\t\t\t\t\t\t\t\t\t\t\t\t\t<div class=\"elementor-gallery-item__title\">\n\t\t\t\t\t\t\t\t\t\t\t\t\t\t\t\t\t\tVisite du MEDD, Gouverneur de la r\u00e9gion Atsimo Atsinanana et les parties prenantes \u00e0 Agnalazaha_P\u00e9pini\u00e8re 3\t\t\t\t\t\t\t\t<\/div>\n\t\t\t\t\t\t\t\t\t\t\t\t<\/div>\n\t\t\t\t\t\t\t\t\t<\/a>\n\t\t\t\t\t\t\t<a class=\"e-gallery-item elementor-gallery-item elementor-animated-content\" href=\"http:\/\/mobot.mg\/conservation\/wp-content\/uploads\/2024\/06\/Visite-du-MEDD-Gouverneur-de-la-region-Atsimo-Atsinanana-et-les-parties-prenantes-a-Agnalazaha_Pepiniere-2-scaled.jpg\" data-elementor-open-lightbox=\"yes\" data-elementor-lightbox-slideshow=\"all-3046432\" data-elementor-lightbox-title=\"Visite du MEDD, Gouverneur de la r\u00e9gion Atsimo Atsinanana et les parties prenantes \u00e0 Agnalazaha_P\u00e9pini\u00e8re 2\" data-e-action-hash=\"#elementor-action%3Aaction%3Dlightbox%26settings%3DeyJpZCI6MTQzOSwidXJsIjoiaHR0cDpcL1wvbW9ib3QubWdcL2NvbnNlcnZhdGlvblwvd3AtY29udGVudFwvdXBsb2Fkc1wvMjAyNFwvMDZcL1Zpc2l0ZS1kdS1NRURELUdvdXZlcm5ldXItZGUtbGEtcmVnaW9uLUF0c2ltby1BdHNpbmFuYW5hLWV0LWxlcy1wYXJ0aWVzLXByZW5hbnRlcy1hLUFnbmFsYXphaGFfUGVwaW5pZXJlLTItc2NhbGVkLmpwZyIsInNsaWRlc2hvdyI6ImFsbC0zMDQ2NDMyIn0%3D\">\n\t\t\t\t\t<div class=\"e-gallery-image elementor-gallery-item__image\" data-thumbnail=\"http:\/\/mobot.mg\/conservation\/wp-content\/uploads\/2024\/06\/Visite-du-MEDD-Gouverneur-de-la-region-Atsimo-Atsinanana-et-les-parties-prenantes-a-Agnalazaha_Pepiniere-2-300x225.jpg\" data-width=\"300\" data-height=\"225\" alt=\"\" ><\/div>\n\t\t\t\t\t\t\t\t\t\t\t<div class=\"elementor-gallery-item__overlay\"><\/div>\n\t\t\t\t\t\t\t\t\t\t\t\t\t\t\t<div class=\"elementor-gallery-item__content\">\n\t\t\t\t\t\t\t\t\t\t\t\t\t\t<div class=\"elementor-gallery-item__title\">\n\t\t\t\t\t\t\t\t\t\t\t\t\t\t\t\t\t\tVisite du MEDD, Gouverneur de la r\u00e9gion Atsimo Atsinanana et les parties prenantes \u00e0 Agnalazaha_P\u00e9pini\u00e8re 2\t\t\t\t\t\t\t\t<\/div>\n\t\t\t\t\t\t\t\t\t\t\t\t<\/div>\n\t\t\t\t\t\t\t\t\t<\/a>\n\t\t\t\t\t\t\t<a class=\"e-gallery-item elementor-gallery-item elementor-animated-content\" href=\"http:\/\/mobot.mg\/conservation\/wp-content\/uploads\/2024\/06\/Visite-du-MEDD-Gouverneur-de-la-region-Atsimo-Atsinanana-et-les-parties-prenantes-a-Agnalazaha_Associations-des-femmes-scaled.jpg\" data-elementor-open-lightbox=\"yes\" data-elementor-lightbox-slideshow=\"all-3046432\" data-elementor-lightbox-title=\"Visite du MEDD, Gouverneur de la r\u00e9gion Atsimo Atsinanana et les parties prenantes \u00e0 Agnalazaha_Associations des femmes\" data-e-action-hash=\"#elementor-action%3Aaction%3Dlightbox%26settings%3DeyJpZCI6MTQzOCwidXJsIjoiaHR0cDpcL1wvbW9ib3QubWdcL2NvbnNlcnZhdGlvblwvd3AtY29udGVudFwvdXBsb2Fkc1wvMjAyNFwvMDZcL1Zpc2l0ZS1kdS1NRURELUdvdXZlcm5ldXItZGUtbGEtcmVnaW9uLUF0c2ltby1BdHNpbmFuYW5hLWV0LWxlcy1wYXJ0aWVzLXByZW5hbnRlcy1hLUFnbmFsYXphaGFfQXNzb2NpYXRpb25zLWRlcy1mZW1tZXMtc2NhbGVkLmpwZyIsInNsaWRlc2hvdyI6ImFsbC0zMDQ2NDMyIn0%3D\">\n\t\t\t\t\t<div class=\"e-gallery-image elementor-gallery-item__image\" data-thumbnail=\"http:\/\/mobot.mg\/conservation\/wp-content\/uploads\/2024\/06\/Visite-du-MEDD-Gouverneur-de-la-region-Atsimo-Atsinanana-et-les-parties-prenantes-a-Agnalazaha_Associations-des-femmes-300x225.jpg\" data-width=\"300\" data-height=\"225\" alt=\"\" ><\/div>\n\t\t\t\t\t\t\t\t\t\t\t<div class=\"elementor-gallery-item__overlay\"><\/div>\n\t\t\t\t\t\t\t\t\t\t\t\t\t\t\t<div class=\"elementor-gallery-item__content\">\n\t\t\t\t\t\t\t\t\t\t\t\t\t\t<div class=\"elementor-gallery-item__title\">\n\t\t\t\t\t\t\t\t\t\t\t\t\t\t\t\t\t\tVisite du MEDD, Gouverneur de la r\u00e9gion Atsimo Atsinanana et les parties prenantes \u00e0 Agnalazaha_Associations des femmes\t\t\t\t\t\t\t\t<\/div>\n\t\t\t\t\t\t\t\t\t\t\t\t<\/div>\n\t\t\t\t\t\t\t\t\t<\/a>\n\t\t\t\t\t\t\t<a class=\"e-gallery-item elementor-gallery-item elementor-animated-content\" href=\"http:\/\/mobot.mg\/conservation\/wp-content\/uploads\/2024\/06\/Visite-du-MEDD-Gouverneur-de-la-region-Atsimo-Atsinanana-et-les-parties-prenantes-a-Agnalazaha_Artisanat-scaled.jpg\" data-elementor-open-lightbox=\"yes\" data-elementor-lightbox-slideshow=\"all-3046432\" data-elementor-lightbox-title=\"Visite du MEDD, Gouverneur de la r\u00e9gion Atsimo Atsinanana et les parties prenantes \u00e0 Agnalazaha_Artisanat\" data-e-action-hash=\"#elementor-action%3Aaction%3Dlightbox%26settings%3DeyJpZCI6MTQzNywidXJsIjoiaHR0cDpcL1wvbW9ib3QubWdcL2NvbnNlcnZhdGlvblwvd3AtY29udGVudFwvdXBsb2Fkc1wvMjAyNFwvMDZcL1Zpc2l0ZS1kdS1NRURELUdvdXZlcm5ldXItZGUtbGEtcmVnaW9uLUF0c2ltby1BdHNpbmFuYW5hLWV0LWxlcy1wYXJ0aWVzLXByZW5hbnRlcy1hLUFnbmFsYXphaGFfQXJ0aXNhbmF0LXNjYWxlZC5qcGciLCJzbGlkZXNob3ciOiJhbGwtMzA0NjQzMiJ9\">\n\t\t\t\t\t<div class=\"e-gallery-image elementor-gallery-item__image\" data-thumbnail=\"http:\/\/mobot.mg\/conservation\/wp-content\/uploads\/2024\/06\/Visite-du-MEDD-Gouverneur-de-la-region-Atsimo-Atsinanana-et-les-parties-prenantes-a-Agnalazaha_Artisanat-300x225.jpg\" data-width=\"300\" data-height=\"225\" alt=\"\" ><\/div>\n\t\t\t\t\t\t\t\t\t\t\t<div class=\"elementor-gallery-item__overlay\"><\/div>\n\t\t\t\t\t\t\t\t\t\t\t\t\t\t\t<div class=\"elementor-gallery-item__content\">\n\t\t\t\t\t\t\t\t\t\t\t\t\t\t<div class=\"elementor-gallery-item__title\">\n\t\t\t\t\t\t\t\t\t\t\t\t\t\t\t\t\t\tVisite du MEDD, Gouverneur de la r\u00e9gion Atsimo Atsinanana et les parties prenantes \u00e0 Agnalazaha_Artisanat\t\t\t\t\t\t\t\t<\/div>\n\t\t\t\t\t\t\t\t\t\t\t\t<\/div>\n\t\t\t\t\t\t\t\t\t<\/a>\n\t\t\t\t\t\t\t<a class=\"e-gallery-item elementor-gallery-item elementor-animated-content\" href=\"http:\/\/mobot.mg\/conservation\/wp-content\/uploads\/2024\/06\/Visite-du-MEDD-Gouverneur-de-la-region-Atsimo-Atsinanana-et-les-parties-prenantes-a-Agnalazaha-scaled.jpg\" data-elementor-open-lightbox=\"yes\" data-elementor-lightbox-slideshow=\"all-3046432\" data-elementor-lightbox-title=\"Visite du MEDD, Gouverneur de la r\u00e9gion Atsimo Atsinanana et les parties prenantes \u00e0 Agnalazaha\" data-e-action-hash=\"#elementor-action%3Aaction%3Dlightbox%26settings%3DeyJpZCI6MTQzNiwidXJsIjoiaHR0cDpcL1wvbW9ib3QubWdcL2NvbnNlcnZhdGlvblwvd3AtY29udGVudFwvdXBsb2Fkc1wvMjAyNFwvMDZcL1Zpc2l0ZS1kdS1NRURELUdvdXZlcm5ldXItZGUtbGEtcmVnaW9uLUF0c2ltby1BdHNpbmFuYW5hLWV0LWxlcy1wYXJ0aWVzLXByZW5hbnRlcy1hLUFnbmFsYXphaGEtc2NhbGVkLmpwZyIsInNsaWRlc2hvdyI6ImFsbC0zMDQ2NDMyIn0%3D\">\n\t\t\t\t\t<div class=\"e-gallery-image elementor-gallery-item__image\" data-thumbnail=\"http:\/\/mobot.mg\/conservation\/wp-content\/uploads\/2024\/06\/Visite-du-MEDD-Gouverneur-de-la-region-Atsimo-Atsinanana-et-les-parties-prenantes-a-Agnalazaha-300x225.jpg\" data-width=\"300\" data-height=\"225\" alt=\"\" ><\/div>\n\t\t\t\t\t\t\t\t\t\t\t<div class=\"elementor-gallery-item__overlay\"><\/div>\n\t\t\t\t\t\t\t\t\t\t\t\t\t\t\t<div class=\"elementor-gallery-item__content\">\n\t\t\t\t\t\t\t\t\t\t\t\t\t\t<div class=\"elementor-gallery-item__title\">\n\t\t\t\t\t\t\t\t\t\t\t\t\t\t\t\t\t\tVisite du MEDD, Gouverneur de la r\u00e9gion Atsimo Atsinanana et les parties prenantes \u00e0 Agnalazaha\t\t\t\t\t\t\t\t<\/div>\n\t\t\t\t\t\t\t\t\t\t\t\t<\/div>\n\t\t\t\t\t\t\t\t\t<\/a>\n\t\t\t\t\t\t\t<a class=\"e-gallery-item elementor-gallery-item elementor-animated-content\" href=\"http:\/\/mobot.mg\/conservation\/wp-content\/uploads\/2024\/06\/Viavy-Tsitamba_Vokatry-ny-asa-tanana-vita-aminny-Mahampy.jpg\" data-elementor-open-lightbox=\"yes\" data-elementor-lightbox-slideshow=\"all-3046432\" data-elementor-lightbox-title=\"Viavy Tsitamba_Vokatry ny asa tanana vita amin&#039;ny Mahampy\" data-e-action-hash=\"#elementor-action%3Aaction%3Dlightbox%26settings%3DeyJpZCI6MTQzNSwidXJsIjoiaHR0cDpcL1wvbW9ib3QubWdcL2NvbnNlcnZhdGlvblwvd3AtY29udGVudFwvdXBsb2Fkc1wvMjAyNFwvMDZcL1ZpYXZ5LVRzaXRhbWJhX1Zva2F0cnktbnktYXNhLXRhbmFuYS12aXRhLWFtaW5ueS1NYWhhbXB5LmpwZyIsInNsaWRlc2hvdyI6ImFsbC0zMDQ2NDMyIn0%3D\">\n\t\t\t\t\t<div class=\"e-gallery-image elementor-gallery-item__image\" data-thumbnail=\"http:\/\/mobot.mg\/conservation\/wp-content\/uploads\/2024\/06\/Viavy-Tsitamba_Vokatry-ny-asa-tanana-vita-aminny-Mahampy-300x200.jpg\" data-width=\"300\" data-height=\"200\" alt=\"\" ><\/div>\n\t\t\t\t\t\t\t\t\t\t\t<div class=\"elementor-gallery-item__overlay\"><\/div>\n\t\t\t\t\t\t\t\t\t\t\t\t\t\t\t<div class=\"elementor-gallery-item__content\">\n\t\t\t\t\t\t\t\t\t\t\t\t\t\t<div class=\"elementor-gallery-item__title\">\n\t\t\t\t\t\t\t\t\t\t\t\t\t\t\t\t\t\tViavy Tsitamba_Vokatry ny asa tanana vita amin'ny Mahampy\t\t\t\t\t\t\t\t<\/div>\n\t\t\t\t\t\t\t\t\t\t\t\t<\/div>\n\t\t\t\t\t\t\t\t\t<\/a>\n\t\t\t\t\t\t\t<a class=\"e-gallery-item elementor-gallery-item elementor-animated-content\" href=\"http:\/\/mobot.mg\/conservation\/wp-content\/uploads\/2024\/06\/Viavy-Tsitamba_Vokatry-ny-asa-tanana-vita-aminny-Mahampy-4.jpg\" data-elementor-open-lightbox=\"yes\" data-elementor-lightbox-slideshow=\"all-3046432\" data-elementor-lightbox-title=\"Viavy Tsitamba_Vokatry ny asa tanana vita amin&#039;ny Mahampy 4\" data-e-action-hash=\"#elementor-action%3Aaction%3Dlightbox%26settings%3DeyJpZCI6MTQzNCwidXJsIjoiaHR0cDpcL1wvbW9ib3QubWdcL2NvbnNlcnZhdGlvblwvd3AtY29udGVudFwvdXBsb2Fkc1wvMjAyNFwvMDZcL1ZpYXZ5LVRzaXRhbWJhX1Zva2F0cnktbnktYXNhLXRhbmFuYS12aXRhLWFtaW5ueS1NYWhhbXB5LTQuanBnIiwic2xpZGVzaG93IjoiYWxsLTMwNDY0MzIifQ%3D%3D\">\n\t\t\t\t\t<div class=\"e-gallery-image elementor-gallery-item__image\" data-thumbnail=\"http:\/\/mobot.mg\/conservation\/wp-content\/uploads\/2024\/06\/Viavy-Tsitamba_Vokatry-ny-asa-tanana-vita-aminny-Mahampy-4-300x200.jpg\" data-width=\"300\" data-height=\"200\" alt=\"\" ><\/div>\n\t\t\t\t\t\t\t\t\t\t\t<div class=\"elementor-gallery-item__overlay\"><\/div>\n\t\t\t\t\t\t\t\t\t\t\t\t\t\t\t<div class=\"elementor-gallery-item__content\">\n\t\t\t\t\t\t\t\t\t\t\t\t\t\t<div class=\"elementor-gallery-item__title\">\n\t\t\t\t\t\t\t\t\t\t\t\t\t\t\t\t\t\tViavy Tsitamba_Vokatry ny asa tanana vita amin'ny Mahampy 4\t\t\t\t\t\t\t\t<\/div>\n\t\t\t\t\t\t\t\t\t\t\t\t<\/div>\n\t\t\t\t\t\t\t\t\t<\/a>\n\t\t\t\t\t\t\t<a class=\"e-gallery-item elementor-gallery-item elementor-animated-content\" href=\"http:\/\/mobot.mg\/conservation\/wp-content\/uploads\/2024\/06\/Viavy-Tsitamba_Mpandrary-scaled.jpg\" data-elementor-open-lightbox=\"yes\" data-elementor-lightbox-slideshow=\"all-3046432\" data-elementor-lightbox-title=\"Viavy Tsitamba_Mpandrary\" data-e-action-hash=\"#elementor-action%3Aaction%3Dlightbox%26settings%3DeyJpZCI6MTQzMywidXJsIjoiaHR0cDpcL1wvbW9ib3QubWdcL2NvbnNlcnZhdGlvblwvd3AtY29udGVudFwvdXBsb2Fkc1wvMjAyNFwvMDZcL1ZpYXZ5LVRzaXRhbWJhX01wYW5kcmFyeS1zY2FsZWQuanBnIiwic2xpZGVzaG93IjoiYWxsLTMwNDY0MzIifQ%3D%3D\">\n\t\t\t\t\t<div class=\"e-gallery-image elementor-gallery-item__image\" data-thumbnail=\"http:\/\/mobot.mg\/conservation\/wp-content\/uploads\/2024\/06\/Viavy-Tsitamba_Mpandrary-225x300.jpg\" data-width=\"225\" data-height=\"300\" alt=\"\" ><\/div>\n\t\t\t\t\t\t\t\t\t\t\t<div class=\"elementor-gallery-item__overlay\"><\/div>\n\t\t\t\t\t\t\t\t\t\t\t\t\t\t\t<div class=\"elementor-gallery-item__content\">\n\t\t\t\t\t\t\t\t\t\t\t\t\t\t<div class=\"elementor-gallery-item__title\">\n\t\t\t\t\t\t\t\t\t\t\t\t\t\t\t\t\t\tViavy Tsitamba_Mpandrary\t\t\t\t\t\t\t\t<\/div>\n\t\t\t\t\t\t\t\t\t\t\t\t<\/div>\n\t\t\t\t\t\t\t\t\t<\/a>\n\t\t\t\t\t\t\t<a class=\"e-gallery-item elementor-gallery-item elementor-animated-content\" href=\"http:\/\/mobot.mg\/conservation\/wp-content\/uploads\/2024\/06\/Viavy-Tsitamba_Harona-vita-aminny-Mahampy-scaled.jpg\" data-elementor-open-lightbox=\"yes\" data-elementor-lightbox-slideshow=\"all-3046432\" data-elementor-lightbox-title=\"Viavy Tsitamba_Harona vita amin&#039;ny Mahampy\" data-e-action-hash=\"#elementor-action%3Aaction%3Dlightbox%26settings%3DeyJpZCI6MTQzMiwidXJsIjoiaHR0cDpcL1wvbW9ib3QubWdcL2NvbnNlcnZhdGlvblwvd3AtY29udGVudFwvdXBsb2Fkc1wvMjAyNFwvMDZcL1ZpYXZ5LVRzaXRhbWJhX0hhcm9uYS12aXRhLWFtaW5ueS1NYWhhbXB5LXNjYWxlZC5qcGciLCJzbGlkZXNob3ciOiJhbGwtMzA0NjQzMiJ9\">\n\t\t\t\t\t<div class=\"e-gallery-image elementor-gallery-item__image\" data-thumbnail=\"http:\/\/mobot.mg\/conservation\/wp-content\/uploads\/2024\/06\/Viavy-Tsitamba_Harona-vita-aminny-Mahampy-300x225.jpg\" data-width=\"300\" data-height=\"225\" alt=\"\" ><\/div>\n\t\t\t\t\t\t\t\t\t\t\t<div class=\"elementor-gallery-item__overlay\"><\/div>\n\t\t\t\t\t\t\t\t\t\t\t\t\t\t\t<div class=\"elementor-gallery-item__content\">\n\t\t\t\t\t\t\t\t\t\t\t\t\t\t<div class=\"elementor-gallery-item__title\">\n\t\t\t\t\t\t\t\t\t\t\t\t\t\t\t\t\t\tViavy Tsitamba_Harona vita amin'ny Mahampy\t\t\t\t\t\t\t\t<\/div>\n\t\t\t\t\t\t\t\t\t\t\t\t<\/div>\n\t\t\t\t\t\t\t\t\t<\/a>\n\t\t\t\t\t\t\t<a class=\"e-gallery-item elementor-gallery-item elementor-animated-content\" href=\"http:\/\/mobot.mg\/conservation\/wp-content\/uploads\/2024\/06\/Viavy-Tsitamba_Harona-vita-aminny-Mahampy-3.jpg\" data-elementor-open-lightbox=\"yes\" data-elementor-lightbox-slideshow=\"all-3046432\" data-elementor-lightbox-title=\"Viavy Tsitamba_Harona vita amin&#039;ny Mahampy 3\" data-e-action-hash=\"#elementor-action%3Aaction%3Dlightbox%26settings%3DeyJpZCI6MTQzMSwidXJsIjoiaHR0cDpcL1wvbW9ib3QubWdcL2NvbnNlcnZhdGlvblwvd3AtY29udGVudFwvdXBsb2Fkc1wvMjAyNFwvMDZcL1ZpYXZ5LVRzaXRhbWJhX0hhcm9uYS12aXRhLWFtaW5ueS1NYWhhbXB5LTMuanBnIiwic2xpZGVzaG93IjoiYWxsLTMwNDY0MzIifQ%3D%3D\">\n\t\t\t\t\t<div class=\"e-gallery-image elementor-gallery-item__image\" data-thumbnail=\"http:\/\/mobot.mg\/conservation\/wp-content\/uploads\/2024\/06\/Viavy-Tsitamba_Harona-vita-aminny-Mahampy-3-300x225.jpg\" data-width=\"300\" data-height=\"225\" alt=\"\" ><\/div>\n\t\t\t\t\t\t\t\t\t\t\t<div class=\"elementor-gallery-item__overlay\"><\/div>\n\t\t\t\t\t\t\t\t\t\t\t\t\t\t\t<div class=\"elementor-gallery-item__content\">\n\t\t\t\t\t\t\t\t\t\t\t\t\t\t<div class=\"elementor-gallery-item__title\">\n\t\t\t\t\t\t\t\t\t\t\t\t\t\t\t\t\t\tViavy Tsitamba_Harona vita amin'ny Mahampy 3\t\t\t\t\t\t\t\t<\/div>\n\t\t\t\t\t\t\t\t\t\t\t\t<\/div>\n\t\t\t\t\t\t\t\t\t<\/a>\n\t\t\t\t\t\t\t<a class=\"e-gallery-item elementor-gallery-item elementor-animated-content\" href=\"http:\/\/mobot.mg\/conservation\/wp-content\/uploads\/2024\/06\/Viavy-Tsitamba_Harona-vita-aminny-Mahampy-2.jpg\" data-elementor-open-lightbox=\"yes\" data-elementor-lightbox-slideshow=\"all-3046432\" data-elementor-lightbox-title=\"Viavy Tsitamba_Harona vita amin&#039;ny Mahampy 2\" data-e-action-hash=\"#elementor-action%3Aaction%3Dlightbox%26settings%3DeyJpZCI6MTQzMCwidXJsIjoiaHR0cDpcL1wvbW9ib3QubWdcL2NvbnNlcnZhdGlvblwvd3AtY29udGVudFwvdXBsb2Fkc1wvMjAyNFwvMDZcL1ZpYXZ5LVRzaXRhbWJhX0hhcm9uYS12aXRhLWFtaW5ueS1NYWhhbXB5LTIuanBnIiwic2xpZGVzaG93IjoiYWxsLTMwNDY0MzIifQ%3D%3D\">\n\t\t\t\t\t<div class=\"e-gallery-image elementor-gallery-item__image\" data-thumbnail=\"http:\/\/mobot.mg\/conservation\/wp-content\/uploads\/2024\/06\/Viavy-Tsitamba_Harona-vita-aminny-Mahampy-2-300x225.jpg\" data-width=\"300\" data-height=\"225\" alt=\"\" ><\/div>\n\t\t\t\t\t\t\t\t\t\t\t<div class=\"elementor-gallery-item__overlay\"><\/div>\n\t\t\t\t\t\t\t\t\t\t\t\t\t\t\t<div class=\"elementor-gallery-item__content\">\n\t\t\t\t\t\t\t\t\t\t\t\t\t\t<div class=\"elementor-gallery-item__title\">\n\t\t\t\t\t\t\t\t\t\t\t\t\t\t\t\t\t\tViavy Tsitamba_Harona vita amin'ny Mahampy 2\t\t\t\t\t\t\t\t<\/div>\n\t\t\t\t\t\t\t\t\t\t\t\t<\/div>\n\t\t\t\t\t\t\t\t\t<\/a>\n\t\t\t\t\t\t\t<a class=\"e-gallery-item elementor-gallery-item elementor-animated-content\" href=\"http:\/\/mobot.mg\/conservation\/wp-content\/uploads\/2024\/06\/Viavy-Tsitamba_Asa-tanana.jpg\" data-elementor-open-lightbox=\"yes\" data-elementor-lightbox-slideshow=\"all-3046432\" data-elementor-lightbox-title=\"Viavy Tsitamba_Asa tanana\" data-e-action-hash=\"#elementor-action%3Aaction%3Dlightbox%26settings%3DeyJpZCI6MTQyOSwidXJsIjoiaHR0cDpcL1wvbW9ib3QubWdcL2NvbnNlcnZhdGlvblwvd3AtY29udGVudFwvdXBsb2Fkc1wvMjAyNFwvMDZcL1ZpYXZ5LVRzaXRhbWJhX0FzYS10YW5hbmEuanBnIiwic2xpZGVzaG93IjoiYWxsLTMwNDY0MzIifQ%3D%3D\">\n\t\t\t\t\t<div class=\"e-gallery-image elementor-gallery-item__image\" data-thumbnail=\"http:\/\/mobot.mg\/conservation\/wp-content\/uploads\/2024\/06\/Viavy-Tsitamba_Asa-tanana-300x200.jpg\" data-width=\"300\" data-height=\"200\" alt=\"\" ><\/div>\n\t\t\t\t\t\t\t\t\t\t\t<div class=\"elementor-gallery-item__overlay\"><\/div>\n\t\t\t\t\t\t\t\t\t\t\t\t\t\t\t<div class=\"elementor-gallery-item__content\">\n\t\t\t\t\t\t\t\t\t\t\t\t\t\t<div class=\"elementor-gallery-item__title\">\n\t\t\t\t\t\t\t\t\t\t\t\t\t\t\t\t\t\tViavy Tsitamba_Asa tanana\t\t\t\t\t\t\t\t<\/div>\n\t\t\t\t\t\t\t\t\t\t\t\t<\/div>\n\t\t\t\t\t\t\t\t\t<\/a>\n\t\t\t\t\t\t\t<a class=\"e-gallery-item elementor-gallery-item elementor-animated-content\" href=\"http:\/\/mobot.mg\/conservation\/wp-content\/uploads\/2024\/06\/Viavy-Tsitamba_Asa-tanana-2.jpg\" data-elementor-open-lightbox=\"yes\" data-elementor-lightbox-slideshow=\"all-3046432\" data-elementor-lightbox-title=\"Viavy Tsitamba_Asa tanana 2\" data-e-action-hash=\"#elementor-action%3Aaction%3Dlightbox%26settings%3DeyJpZCI6MTQyOCwidXJsIjoiaHR0cDpcL1wvbW9ib3QubWdcL2NvbnNlcnZhdGlvblwvd3AtY29udGVudFwvdXBsb2Fkc1wvMjAyNFwvMDZcL1ZpYXZ5LVRzaXRhbWJhX0FzYS10YW5hbmEtMi5qcGciLCJzbGlkZXNob3ciOiJhbGwtMzA0NjQzMiJ9\">\n\t\t\t\t\t<div class=\"e-gallery-image elementor-gallery-item__image\" data-thumbnail=\"http:\/\/mobot.mg\/conservation\/wp-content\/uploads\/2024\/06\/Viavy-Tsitamba_Asa-tanana-2-300x200.jpg\" data-width=\"300\" data-height=\"200\" alt=\"\" ><\/div>\n\t\t\t\t\t\t\t\t\t\t\t<div class=\"elementor-gallery-item__overlay\"><\/div>\n\t\t\t\t\t\t\t\t\t\t\t\t\t\t\t<div class=\"elementor-gallery-item__content\">\n\t\t\t\t\t\t\t\t\t\t\t\t\t\t<div class=\"elementor-gallery-item__title\">\n\t\t\t\t\t\t\t\t\t\t\t\t\t\t\t\t\t\tViavy Tsitamba_Asa tanana 2\t\t\t\t\t\t\t\t<\/div>\n\t\t\t\t\t\t\t\t\t\t\t\t<\/div>\n\t\t\t\t\t\t\t\t\t<\/a>\n\t\t\t\t\t\t\t<a class=\"e-gallery-item elementor-gallery-item elementor-animated-content\" href=\"http:\/\/mobot.mg\/conservation\/wp-content\/uploads\/2024\/06\/Microcebus-sp._Agnalazaha_Ludovic-Reza.jpg\" data-elementor-open-lightbox=\"yes\" data-elementor-lightbox-slideshow=\"all-3046432\" data-elementor-lightbox-title=\"Microcebus sp._Agnalazaha_Ludovic Reza\" data-e-action-hash=\"#elementor-action%3Aaction%3Dlightbox%26settings%3DeyJpZCI6MTQyNywidXJsIjoiaHR0cDpcL1wvbW9ib3QubWdcL2NvbnNlcnZhdGlvblwvd3AtY29udGVudFwvdXBsb2Fkc1wvMjAyNFwvMDZcL01pY3JvY2VidXMtc3AuX0FnbmFsYXphaGFfTHVkb3ZpYy1SZXphLmpwZyIsInNsaWRlc2hvdyI6ImFsbC0zMDQ2NDMyIn0%3D\">\n\t\t\t\t\t<div class=\"e-gallery-image elementor-gallery-item__image\" data-thumbnail=\"http:\/\/mobot.mg\/conservation\/wp-content\/uploads\/2024\/06\/Microcebus-sp._Agnalazaha_Ludovic-Reza-225x300.jpg\" data-width=\"225\" data-height=\"300\" alt=\"\" ><\/div>\n\t\t\t\t\t\t\t\t\t\t\t<div class=\"elementor-gallery-item__overlay\"><\/div>\n\t\t\t\t\t\t\t\t\t\t\t\t\t\t\t<div class=\"elementor-gallery-item__content\">\n\t\t\t\t\t\t\t\t\t\t\t\t\t\t<div class=\"elementor-gallery-item__title\">\n\t\t\t\t\t\t\t\t\t\t\t\t\t\t\t\t\t\tMicrocebus sp._Agnalazaha_Ludovic Reza\t\t\t\t\t\t\t\t<\/div>\n\t\t\t\t\t\t\t\t\t\t\t\t<\/div>\n\t\t\t\t\t\t\t\t\t<\/a>\n\t\t\t\t\t\t\t<a class=\"e-gallery-item elementor-gallery-item elementor-animated-content\" href=\"http:\/\/mobot.mg\/conservation\/wp-content\/uploads\/2024\/06\/Microcebus-sp-baby_Agnalazaha_Ludovic-Reza.jpg\" data-elementor-open-lightbox=\"yes\" data-elementor-lightbox-slideshow=\"all-3046432\" data-elementor-lightbox-title=\"Microcebus sp (baby)_Agnalazaha_Ludovic Reza\" data-e-action-hash=\"#elementor-action%3Aaction%3Dlightbox%26settings%3DeyJpZCI6MTQyNiwidXJsIjoiaHR0cDpcL1wvbW9ib3QubWdcL2NvbnNlcnZhdGlvblwvd3AtY29udGVudFwvdXBsb2Fkc1wvMjAyNFwvMDZcL01pY3JvY2VidXMtc3AtYmFieV9BZ25hbGF6YWhhX0x1ZG92aWMtUmV6YS5qcGciLCJzbGlkZXNob3ciOiJhbGwtMzA0NjQzMiJ9\">\n\t\t\t\t\t<div class=\"e-gallery-image elementor-gallery-item__image\" data-thumbnail=\"http:\/\/mobot.mg\/conservation\/wp-content\/uploads\/2024\/06\/Microcebus-sp-baby_Agnalazaha_Ludovic-Reza-300x224.jpg\" data-width=\"300\" data-height=\"224\" alt=\"\" ><\/div>\n\t\t\t\t\t\t\t\t\t\t\t<div class=\"elementor-gallery-item__overlay\"><\/div>\n\t\t\t\t\t\t\t\t\t\t\t\t\t\t\t<div class=\"elementor-gallery-item__content\">\n\t\t\t\t\t\t\t\t\t\t\t\t\t\t<div class=\"elementor-gallery-item__title\">\n\t\t\t\t\t\t\t\t\t\t\t\t\t\t\t\t\t\tMicrocebus sp (baby)_Agnalazaha_Ludovic Reza\t\t\t\t\t\t\t\t<\/div>\n\t\t\t\t\t\t\t\t\t\t\t\t<\/div>\n\t\t\t\t\t\t\t\t\t<\/a>\n\t\t\t\t\t\t\t<a class=\"e-gallery-item elementor-gallery-item elementor-animated-content\" href=\"http:\/\/mobot.mg\/conservation\/wp-content\/uploads\/2024\/06\/Festival-de-la-biodiversite-2022_Radio-crochet-scaled.jpg\" data-elementor-open-lightbox=\"yes\" data-elementor-lightbox-slideshow=\"all-3046432\" data-elementor-lightbox-title=\"Festival de la biodiversit\u00e9 2022_Radio crochet\" data-e-action-hash=\"#elementor-action%3Aaction%3Dlightbox%26settings%3DeyJpZCI6MTQyNSwidXJsIjoiaHR0cDpcL1wvbW9ib3QubWdcL2NvbnNlcnZhdGlvblwvd3AtY29udGVudFwvdXBsb2Fkc1wvMjAyNFwvMDZcL0Zlc3RpdmFsLWRlLWxhLWJpb2RpdmVyc2l0ZS0yMDIyX1JhZGlvLWNyb2NoZXQtc2NhbGVkLmpwZyIsInNsaWRlc2hvdyI6ImFsbC0zMDQ2NDMyIn0%3D\">\n\t\t\t\t\t<div class=\"e-gallery-image elementor-gallery-item__image\" data-thumbnail=\"http:\/\/mobot.mg\/conservation\/wp-content\/uploads\/2024\/06\/Festival-de-la-biodiversite-2022_Radio-crochet-300x200.jpg\" data-width=\"300\" data-height=\"200\" alt=\"\" ><\/div>\n\t\t\t\t\t\t\t\t\t\t\t<div class=\"elementor-gallery-item__overlay\"><\/div>\n\t\t\t\t\t\t\t\t\t\t\t\t\t\t\t<div class=\"elementor-gallery-item__content\">\n\t\t\t\t\t\t\t\t\t\t\t\t\t\t<div class=\"elementor-gallery-item__title\">\n\t\t\t\t\t\t\t\t\t\t\t\t\t\t\t\t\t\tFestival de la biodiversit\u00e9 2022_Radio crochet\t\t\t\t\t\t\t\t<\/div>\n\t\t\t\t\t\t\t\t\t\t\t\t<\/div>\n\t\t\t\t\t\t\t\t\t<\/a>\n\t\t\t\t\t\t\t<a class=\"e-gallery-item elementor-gallery-item elementor-animated-content\" href=\"http:\/\/mobot.mg\/conservation\/wp-content\/uploads\/2024\/06\/Festival-de-la-biodiversite-2022_Mascottes-des-lemuriens-scaled.jpg\" data-elementor-open-lightbox=\"yes\" data-elementor-lightbox-slideshow=\"all-3046432\" data-elementor-lightbox-title=\"Festival de la biodiversit\u00e9 2022_Mascottes des l\u00e9muriens\" data-e-action-hash=\"#elementor-action%3Aaction%3Dlightbox%26settings%3DeyJpZCI6MTQyNCwidXJsIjoiaHR0cDpcL1wvbW9ib3QubWdcL2NvbnNlcnZhdGlvblwvd3AtY29udGVudFwvdXBsb2Fkc1wvMjAyNFwvMDZcL0Zlc3RpdmFsLWRlLWxhLWJpb2RpdmVyc2l0ZS0yMDIyX01hc2NvdHRlcy1kZXMtbGVtdXJpZW5zLXNjYWxlZC5qcGciLCJzbGlkZXNob3ciOiJhbGwtMzA0NjQzMiJ9\">\n\t\t\t\t\t<div class=\"e-gallery-image elementor-gallery-item__image\" data-thumbnail=\"http:\/\/mobot.mg\/conservation\/wp-content\/uploads\/2024\/06\/Festival-de-la-biodiversite-2022_Mascottes-des-lemuriens-300x200.jpg\" data-width=\"300\" data-height=\"200\" alt=\"\" ><\/div>\n\t\t\t\t\t\t\t\t\t\t\t<div class=\"elementor-gallery-item__overlay\"><\/div>\n\t\t\t\t\t\t\t\t\t\t\t\t\t\t\t<div class=\"elementor-gallery-item__content\">\n\t\t\t\t\t\t\t\t\t\t\t\t\t\t<div class=\"elementor-gallery-item__title\">\n\t\t\t\t\t\t\t\t\t\t\t\t\t\t\t\t\t\tFestival de la biodiversit\u00e9 2022_Mascottes des l\u00e9muriens\t\t\t\t\t\t\t\t<\/div>\n\t\t\t\t\t\t\t\t\t\t\t\t<\/div>\n\t\t\t\t\t\t\t\t\t<\/a>\n\t\t\t\t\t\t\t<a class=\"e-gallery-item elementor-gallery-item elementor-animated-content\" href=\"http:\/\/mobot.mg\/conservation\/wp-content\/uploads\/2024\/06\/Festival-de-la-biodiversite-2022_Football-spectateurs-scaled.jpg\" data-elementor-open-lightbox=\"yes\" data-elementor-lightbox-slideshow=\"all-3046432\" data-elementor-lightbox-title=\"Festival de la biodiversit\u00e9 2022_Football spectateurs\" data-e-action-hash=\"#elementor-action%3Aaction%3Dlightbox%26settings%3DeyJpZCI6MTQyMywidXJsIjoiaHR0cDpcL1wvbW9ib3QubWdcL2NvbnNlcnZhdGlvblwvd3AtY29udGVudFwvdXBsb2Fkc1wvMjAyNFwvMDZcL0Zlc3RpdmFsLWRlLWxhLWJpb2RpdmVyc2l0ZS0yMDIyX0Zvb3RiYWxsLXNwZWN0YXRldXJzLXNjYWxlZC5qcGciLCJzbGlkZXNob3ciOiJhbGwtMzA0NjQzMiJ9\">\n\t\t\t\t\t<div class=\"e-gallery-image elementor-gallery-item__image\" data-thumbnail=\"http:\/\/mobot.mg\/conservation\/wp-content\/uploads\/2024\/06\/Festival-de-la-biodiversite-2022_Football-spectateurs-300x200.jpg\" data-width=\"300\" data-height=\"200\" alt=\"\" ><\/div>\n\t\t\t\t\t\t\t\t\t\t\t<div class=\"elementor-gallery-item__overlay\"><\/div>\n\t\t\t\t\t\t\t\t\t\t\t\t\t\t\t<div class=\"elementor-gallery-item__content\">\n\t\t\t\t\t\t\t\t\t\t\t\t\t\t<div class=\"elementor-gallery-item__title\">\n\t\t\t\t\t\t\t\t\t\t\t\t\t\t\t\t\t\tFestival de la biodiversit\u00e9 2022_Football spectateurs\t\t\t\t\t\t\t\t<\/div>\n\t\t\t\t\t\t\t\t\t\t\t\t<\/div>\n\t\t\t\t\t\t\t\t\t<\/a>\n\t\t\t\t\t\t\t<a class=\"e-gallery-item elementor-gallery-item elementor-animated-content\" href=\"http:\/\/mobot.mg\/conservation\/wp-content\/uploads\/2024\/06\/Festival-de-la-biodiversite-2022_Foot-entre-partenaires-scaled.jpg\" data-elementor-open-lightbox=\"yes\" data-elementor-lightbox-slideshow=\"all-3046432\" data-elementor-lightbox-title=\"Festival de la biodiversit\u00e9 2022_Foot entre partenaires\" data-e-action-hash=\"#elementor-action%3Aaction%3Dlightbox%26settings%3DeyJpZCI6MTQyMiwidXJsIjoiaHR0cDpcL1wvbW9ib3QubWdcL2NvbnNlcnZhdGlvblwvd3AtY29udGVudFwvdXBsb2Fkc1wvMjAyNFwvMDZcL0Zlc3RpdmFsLWRlLWxhLWJpb2RpdmVyc2l0ZS0yMDIyX0Zvb3QtZW50cmUtcGFydGVuYWlyZXMtc2NhbGVkLmpwZyIsInNsaWRlc2hvdyI6ImFsbC0zMDQ2NDMyIn0%3D\">\n\t\t\t\t\t<div class=\"e-gallery-image elementor-gallery-item__image\" data-thumbnail=\"http:\/\/mobot.mg\/conservation\/wp-content\/uploads\/2024\/06\/Festival-de-la-biodiversite-2022_Foot-entre-partenaires-300x200.jpg\" data-width=\"300\" data-height=\"200\" alt=\"\" ><\/div>\n\t\t\t\t\t\t\t\t\t\t\t<div class=\"elementor-gallery-item__overlay\"><\/div>\n\t\t\t\t\t\t\t\t\t\t\t\t\t\t\t<div class=\"elementor-gallery-item__content\">\n\t\t\t\t\t\t\t\t\t\t\t\t\t\t<div class=\"elementor-gallery-item__title\">\n\t\t\t\t\t\t\t\t\t\t\t\t\t\t\t\t\t\tFestival de la biodiversit\u00e9 2022_Foot entre partenaires\t\t\t\t\t\t\t\t<\/div>\n\t\t\t\t\t\t\t\t\t\t\t\t<\/div>\n\t\t\t\t\t\t\t\t\t<\/a>\n\t\t\t\t\t\t\t<a class=\"e-gallery-item elementor-gallery-item elementor-animated-content\" href=\"http:\/\/mobot.mg\/conservation\/wp-content\/uploads\/2024\/06\/Festival-de-la-biodiversite-2022_Final-football-scaled.jpg\" data-elementor-open-lightbox=\"yes\" data-elementor-lightbox-slideshow=\"all-3046432\" data-elementor-lightbox-title=\"Festival de la biodiversit\u00e9 2022_Final football\" data-e-action-hash=\"#elementor-action%3Aaction%3Dlightbox%26settings%3DeyJpZCI6MTQyMSwidXJsIjoiaHR0cDpcL1wvbW9ib3QubWdcL2NvbnNlcnZhdGlvblwvd3AtY29udGVudFwvdXBsb2Fkc1wvMjAyNFwvMDZcL0Zlc3RpdmFsLWRlLWxhLWJpb2RpdmVyc2l0ZS0yMDIyX0ZpbmFsLWZvb3RiYWxsLXNjYWxlZC5qcGciLCJzbGlkZXNob3ciOiJhbGwtMzA0NjQzMiJ9\">\n\t\t\t\t\t<div class=\"e-gallery-image elementor-gallery-item__image\" data-thumbnail=\"http:\/\/mobot.mg\/conservation\/wp-content\/uploads\/2024\/06\/Festival-de-la-biodiversite-2022_Final-football-300x200.jpg\" data-width=\"300\" data-height=\"200\" alt=\"\" ><\/div>\n\t\t\t\t\t\t\t\t\t\t\t<div class=\"elementor-gallery-item__overlay\"><\/div>\n\t\t\t\t\t\t\t\t\t\t\t\t\t\t\t<div class=\"elementor-gallery-item__content\">\n\t\t\t\t\t\t\t\t\t\t\t\t\t\t<div class=\"elementor-gallery-item__title\">\n\t\t\t\t\t\t\t\t\t\t\t\t\t\t\t\t\t\tFestival de la biodiversit\u00e9 2022_Final football\t\t\t\t\t\t\t\t<\/div>\n\t\t\t\t\t\t\t\t\t\t\t\t<\/div>\n\t\t\t\t\t\t\t\t\t<\/a>\n\t\t\t\t\t\t\t<a class=\"e-gallery-item elementor-gallery-item elementor-animated-content\" href=\"http:\/\/mobot.mg\/conservation\/wp-content\/uploads\/2024\/06\/Festival-de-la-biodiversite-2022_Final-football-1-scaled.jpg\" data-elementor-open-lightbox=\"yes\" data-elementor-lightbox-slideshow=\"all-3046432\" data-elementor-lightbox-title=\"Festival de la biodiversit\u00e9 2022_Final football (1)\" data-e-action-hash=\"#elementor-action%3Aaction%3Dlightbox%26settings%3DeyJpZCI6MTQyMCwidXJsIjoiaHR0cDpcL1wvbW9ib3QubWdcL2NvbnNlcnZhdGlvblwvd3AtY29udGVudFwvdXBsb2Fkc1wvMjAyNFwvMDZcL0Zlc3RpdmFsLWRlLWxhLWJpb2RpdmVyc2l0ZS0yMDIyX0ZpbmFsLWZvb3RiYWxsLTEtc2NhbGVkLmpwZyIsInNsaWRlc2hvdyI6ImFsbC0zMDQ2NDMyIn0%3D\">\n\t\t\t\t\t<div class=\"e-gallery-image elementor-gallery-item__image\" data-thumbnail=\"http:\/\/mobot.mg\/conservation\/wp-content\/uploads\/2024\/06\/Festival-de-la-biodiversite-2022_Final-football-1-300x200.jpg\" data-width=\"300\" data-height=\"200\" alt=\"\" ><\/div>\n\t\t\t\t\t\t\t\t\t\t\t<div class=\"elementor-gallery-item__overlay\"><\/div>\n\t\t\t\t\t\t\t\t\t\t\t\t\t\t\t<div class=\"elementor-gallery-item__content\">\n\t\t\t\t\t\t\t\t\t\t\t\t\t\t<div class=\"elementor-gallery-item__title\">\n\t\t\t\t\t\t\t\t\t\t\t\t\t\t\t\t\t\tFestival de la biodiversit\u00e9 2022_Final football (1)\t\t\t\t\t\t\t\t<\/div>\n\t\t\t\t\t\t\t\t\t\t\t\t<\/div>\n\t\t\t\t\t\t\t\t\t<\/a>\n\t\t\t\t\t\t\t<a class=\"e-gallery-item elementor-gallery-item elementor-animated-content\" href=\"http:\/\/mobot.mg\/conservation\/wp-content\/uploads\/2024\/06\/Festival-de-la-biodiversite-2022_Equipe-organisatrice-scaled.jpg\" data-elementor-open-lightbox=\"yes\" data-elementor-lightbox-slideshow=\"all-3046432\" data-elementor-lightbox-title=\"Festival de la biodiversit\u00e9 2022_Equipe organisatrice\" data-e-action-hash=\"#elementor-action%3Aaction%3Dlightbox%26settings%3DeyJpZCI6MTQxOSwidXJsIjoiaHR0cDpcL1wvbW9ib3QubWdcL2NvbnNlcnZhdGlvblwvd3AtY29udGVudFwvdXBsb2Fkc1wvMjAyNFwvMDZcL0Zlc3RpdmFsLWRlLWxhLWJpb2RpdmVyc2l0ZS0yMDIyX0VxdWlwZS1vcmdhbmlzYXRyaWNlLXNjYWxlZC5qcGciLCJzbGlkZXNob3ciOiJhbGwtMzA0NjQzMiJ9\">\n\t\t\t\t\t<div class=\"e-gallery-image elementor-gallery-item__image\" data-thumbnail=\"http:\/\/mobot.mg\/conservation\/wp-content\/uploads\/2024\/06\/Festival-de-la-biodiversite-2022_Equipe-organisatrice-300x200.jpg\" data-width=\"300\" data-height=\"200\" alt=\"\" ><\/div>\n\t\t\t\t\t\t\t\t\t\t\t<div class=\"elementor-gallery-item__overlay\"><\/div>\n\t\t\t\t\t\t\t\t\t\t\t\t\t\t\t<div class=\"elementor-gallery-item__content\">\n\t\t\t\t\t\t\t\t\t\t\t\t\t\t<div class=\"elementor-gallery-item__title\">\n\t\t\t\t\t\t\t\t\t\t\t\t\t\t\t\t\t\tFestival de la biodiversit\u00e9 2022_Equipe organisatrice\t\t\t\t\t\t\t\t<\/div>\n\t\t\t\t\t\t\t\t\t\t\t\t<\/div>\n\t\t\t\t\t\t\t\t\t<\/a>\n\t\t\t\t\t\t\t<a class=\"e-gallery-item elementor-gallery-item elementor-animated-content\" href=\"http:\/\/mobot.mg\/conservation\/wp-content\/uploads\/2024\/06\/Festival-de-la-biodiversite-2022_Course-Varikamena-scaled.jpg\" data-elementor-open-lightbox=\"yes\" data-elementor-lightbox-slideshow=\"all-3046432\" data-elementor-lightbox-title=\"Festival de la biodiversit\u00e9 2022_Course Varikamena\" data-e-action-hash=\"#elementor-action%3Aaction%3Dlightbox%26settings%3DeyJpZCI6MTQxOCwidXJsIjoiaHR0cDpcL1wvbW9ib3QubWdcL2NvbnNlcnZhdGlvblwvd3AtY29udGVudFwvdXBsb2Fkc1wvMjAyNFwvMDZcL0Zlc3RpdmFsLWRlLWxhLWJpb2RpdmVyc2l0ZS0yMDIyX0NvdXJzZS1WYXJpa2FtZW5hLXNjYWxlZC5qcGciLCJzbGlkZXNob3ciOiJhbGwtMzA0NjQzMiJ9\">\n\t\t\t\t\t<div class=\"e-gallery-image elementor-gallery-item__image\" data-thumbnail=\"http:\/\/mobot.mg\/conservation\/wp-content\/uploads\/2024\/06\/Festival-de-la-biodiversite-2022_Course-Varikamena-300x200.jpg\" data-width=\"300\" data-height=\"200\" alt=\"\" ><\/div>\n\t\t\t\t\t\t\t\t\t\t\t<div class=\"elementor-gallery-item__overlay\"><\/div>\n\t\t\t\t\t\t\t\t\t\t\t\t\t\t\t<div class=\"elementor-gallery-item__content\">\n\t\t\t\t\t\t\t\t\t\t\t\t\t\t<div class=\"elementor-gallery-item__title\">\n\t\t\t\t\t\t\t\t\t\t\t\t\t\t\t\t\t\tFestival de la biodiversit\u00e9 2022_Course Varikamena\t\t\t\t\t\t\t\t<\/div>\n\t\t\t\t\t\t\t\t\t\t\t\t<\/div>\n\t\t\t\t\t\t\t\t\t<\/a>\n\t\t\t\t\t\t\t<a class=\"e-gallery-item elementor-gallery-item elementor-animated-content\" href=\"http:\/\/mobot.mg\/conservation\/wp-content\/uploads\/2024\/06\/Festival-de-la-biodiversite-2022_Course-Varikamena-1-scaled.jpg\" data-elementor-open-lightbox=\"yes\" data-elementor-lightbox-slideshow=\"all-3046432\" data-elementor-lightbox-title=\"Festival de la biodiversit\u00e9 2022_Course Varikamena (1)\" data-e-action-hash=\"#elementor-action%3Aaction%3Dlightbox%26settings%3DeyJpZCI6MTQxNywidXJsIjoiaHR0cDpcL1wvbW9ib3QubWdcL2NvbnNlcnZhdGlvblwvd3AtY29udGVudFwvdXBsb2Fkc1wvMjAyNFwvMDZcL0Zlc3RpdmFsLWRlLWxhLWJpb2RpdmVyc2l0ZS0yMDIyX0NvdXJzZS1WYXJpa2FtZW5hLTEtc2NhbGVkLmpwZyIsInNsaWRlc2hvdyI6ImFsbC0zMDQ2NDMyIn0%3D\">\n\t\t\t\t\t<div class=\"e-gallery-image elementor-gallery-item__image\" data-thumbnail=\"http:\/\/mobot.mg\/conservation\/wp-content\/uploads\/2024\/06\/Festival-de-la-biodiversite-2022_Course-Varikamena-1-300x200.jpg\" data-width=\"300\" data-height=\"200\" alt=\"\" ><\/div>\n\t\t\t\t\t\t\t\t\t\t\t<div class=\"elementor-gallery-item__overlay\"><\/div>\n\t\t\t\t\t\t\t\t\t\t\t\t\t\t\t<div class=\"elementor-gallery-item__content\">\n\t\t\t\t\t\t\t\t\t\t\t\t\t\t<div class=\"elementor-gallery-item__title\">\n\t\t\t\t\t\t\t\t\t\t\t\t\t\t\t\t\t\tFestival de la biodiversit\u00e9 2022_Course Varikamena (1)\t\t\t\t\t\t\t\t<\/div>\n\t\t\t\t\t\t\t\t\t\t\t\t<\/div>\n\t\t\t\t\t\t\t\t\t<\/a>\n\t\t\t\t\t\t\t<a class=\"e-gallery-item elementor-gallery-item elementor-animated-content\" href=\"http:\/\/mobot.mg\/conservation\/wp-content\/uploads\/2024\/06\/Festival-de-la-biodiversite-2022_Carnaval-culturel-scaled.jpg\" data-elementor-open-lightbox=\"yes\" data-elementor-lightbox-slideshow=\"all-3046432\" data-elementor-lightbox-title=\"Festival de la biodiversit\u00e9 2022_Carnaval culturel\" data-e-action-hash=\"#elementor-action%3Aaction%3Dlightbox%26settings%3DeyJpZCI6MTQxNiwidXJsIjoiaHR0cDpcL1wvbW9ib3QubWdcL2NvbnNlcnZhdGlvblwvd3AtY29udGVudFwvdXBsb2Fkc1wvMjAyNFwvMDZcL0Zlc3RpdmFsLWRlLWxhLWJpb2RpdmVyc2l0ZS0yMDIyX0Nhcm5hdmFsLWN1bHR1cmVsLXNjYWxlZC5qcGciLCJzbGlkZXNob3ciOiJhbGwtMzA0NjQzMiJ9\">\n\t\t\t\t\t<div class=\"e-gallery-image elementor-gallery-item__image\" data-thumbnail=\"http:\/\/mobot.mg\/conservation\/wp-content\/uploads\/2024\/06\/Festival-de-la-biodiversite-2022_Carnaval-culturel-300x200.jpg\" data-width=\"300\" data-height=\"200\" alt=\"\" ><\/div>\n\t\t\t\t\t\t\t\t\t\t\t<div class=\"elementor-gallery-item__overlay\"><\/div>\n\t\t\t\t\t\t\t\t\t\t\t\t\t\t\t<div class=\"elementor-gallery-item__content\">\n\t\t\t\t\t\t\t\t\t\t\t\t\t\t<div class=\"elementor-gallery-item__title\">\n\t\t\t\t\t\t\t\t\t\t\t\t\t\t\t\t\t\tFestival de la biodiversit\u00e9 2022_Carnaval culturel\t\t\t\t\t\t\t\t<\/div>\n\t\t\t\t\t\t\t\t\t\t\t\t<\/div>\n\t\t\t\t\t\t\t\t\t<\/a>\n\t\t\t\t\t\t\t<a class=\"e-gallery-item elementor-gallery-item elementor-animated-content\" href=\"http:\/\/mobot.mg\/conservation\/wp-content\/uploads\/2024\/06\/Festival-de-la-biodiversite-2022_Carnaval-culturel-2-scaled.jpg\" data-elementor-open-lightbox=\"yes\" data-elementor-lightbox-slideshow=\"all-3046432\" data-elementor-lightbox-title=\"Festival de la biodiversit\u00e9 2022_Carnaval culturel (2)\" data-e-action-hash=\"#elementor-action%3Aaction%3Dlightbox%26settings%3DeyJpZCI6MTQxNSwidXJsIjoiaHR0cDpcL1wvbW9ib3QubWdcL2NvbnNlcnZhdGlvblwvd3AtY29udGVudFwvdXBsb2Fkc1wvMjAyNFwvMDZcL0Zlc3RpdmFsLWRlLWxhLWJpb2RpdmVyc2l0ZS0yMDIyX0Nhcm5hdmFsLWN1bHR1cmVsLTItc2NhbGVkLmpwZyIsInNsaWRlc2hvdyI6ImFsbC0zMDQ2NDMyIn0%3D\">\n\t\t\t\t\t<div class=\"e-gallery-image elementor-gallery-item__image\" data-thumbnail=\"http:\/\/mobot.mg\/conservation\/wp-content\/uploads\/2024\/06\/Festival-de-la-biodiversite-2022_Carnaval-culturel-2-300x200.jpg\" data-width=\"300\" data-height=\"200\" alt=\"\" ><\/div>\n\t\t\t\t\t\t\t\t\t\t\t<div class=\"elementor-gallery-item__overlay\"><\/div>\n\t\t\t\t\t\t\t\t\t\t\t\t\t\t\t<div class=\"elementor-gallery-item__content\">\n\t\t\t\t\t\t\t\t\t\t\t\t\t\t<div class=\"elementor-gallery-item__title\">\n\t\t\t\t\t\t\t\t\t\t\t\t\t\t\t\t\t\tFestival de la biodiversit\u00e9 2022_Carnaval culturel (2)\t\t\t\t\t\t\t\t<\/div>\n\t\t\t\t\t\t\t\t\t\t\t\t<\/div>\n\t\t\t\t\t\t\t\t\t<\/a>\n\t\t\t\t\t\t\t<a class=\"e-gallery-item elementor-gallery-item elementor-animated-content\" href=\"http:\/\/mobot.mg\/conservation\/wp-content\/uploads\/2024\/06\/Festival-de-la-biodiversite-2022_Carnaval-culturel-1-scaled.jpg\" data-elementor-open-lightbox=\"yes\" data-elementor-lightbox-slideshow=\"all-3046432\" data-elementor-lightbox-title=\"Festival de la biodiversit\u00e9 2022_Carnaval culturel (1)\" data-e-action-hash=\"#elementor-action%3Aaction%3Dlightbox%26settings%3DeyJpZCI6MTQxNCwidXJsIjoiaHR0cDpcL1wvbW9ib3QubWdcL2NvbnNlcnZhdGlvblwvd3AtY29udGVudFwvdXBsb2Fkc1wvMjAyNFwvMDZcL0Zlc3RpdmFsLWRlLWxhLWJpb2RpdmVyc2l0ZS0yMDIyX0Nhcm5hdmFsLWN1bHR1cmVsLTEtc2NhbGVkLmpwZyIsInNsaWRlc2hvdyI6ImFsbC0zMDQ2NDMyIn0%3D\">\n\t\t\t\t\t<div class=\"e-gallery-image elementor-gallery-item__image\" data-thumbnail=\"http:\/\/mobot.mg\/conservation\/wp-content\/uploads\/2024\/06\/Festival-de-la-biodiversite-2022_Carnaval-culturel-1-300x200.jpg\" data-width=\"300\" data-height=\"200\" alt=\"\" ><\/div>\n\t\t\t\t\t\t\t\t\t\t\t<div class=\"elementor-gallery-item__overlay\"><\/div>\n\t\t\t\t\t\t\t\t\t\t\t\t\t\t\t<div class=\"elementor-gallery-item__content\">\n\t\t\t\t\t\t\t\t\t\t\t\t\t\t<div class=\"elementor-gallery-item__title\">\n\t\t\t\t\t\t\t\t\t\t\t\t\t\t\t\t\t\tFestival de la biodiversit\u00e9 2022_Carnaval culturel (1)\t\t\t\t\t\t\t\t<\/div>\n\t\t\t\t\t\t\t\t\t\t\t\t<\/div>\n\t\t\t\t\t\t\t\t\t<\/a>\n\t\t\t\t\t\t\t<a class=\"e-gallery-item elementor-gallery-item elementor-animated-content\" href=\"http:\/\/mobot.mg\/conservation\/wp-content\/uploads\/2024\/06\/Festival-de-la-biodiversite-2022_Atelier-de-partage-des-resultats-scaled.jpg\" data-elementor-open-lightbox=\"yes\" data-elementor-lightbox-slideshow=\"all-3046432\" data-elementor-lightbox-title=\"Festival de la biodiversit\u00e9 2022_Atelier de partage des r\u00e9sultats\" data-e-action-hash=\"#elementor-action%3Aaction%3Dlightbox%26settings%3DeyJpZCI6MTQxMywidXJsIjoiaHR0cDpcL1wvbW9ib3QubWdcL2NvbnNlcnZhdGlvblwvd3AtY29udGVudFwvdXBsb2Fkc1wvMjAyNFwvMDZcL0Zlc3RpdmFsLWRlLWxhLWJpb2RpdmVyc2l0ZS0yMDIyX0F0ZWxpZXItZGUtcGFydGFnZS1kZXMtcmVzdWx0YXRzLXNjYWxlZC5qcGciLCJzbGlkZXNob3ciOiJhbGwtMzA0NjQzMiJ9\">\n\t\t\t\t\t<div class=\"e-gallery-image elementor-gallery-item__image\" data-thumbnail=\"http:\/\/mobot.mg\/conservation\/wp-content\/uploads\/2024\/06\/Festival-de-la-biodiversite-2022_Atelier-de-partage-des-resultats-300x200.jpg\" data-width=\"300\" data-height=\"200\" alt=\"\" ><\/div>\n\t\t\t\t\t\t\t\t\t\t\t<div class=\"elementor-gallery-item__overlay\"><\/div>\n\t\t\t\t\t\t\t\t\t\t\t\t\t\t\t<div class=\"elementor-gallery-item__content\">\n\t\t\t\t\t\t\t\t\t\t\t\t\t\t<div class=\"elementor-gallery-item__title\">\n\t\t\t\t\t\t\t\t\t\t\t\t\t\t\t\t\t\tFestival de la biodiversit\u00e9 2022_Atelier de partage des r\u00e9sultats\t\t\t\t\t\t\t\t<\/div>\n\t\t\t\t\t\t\t\t\t\t\t\t<\/div>\n\t\t\t\t\t\t\t\t\t<\/a>\n\t\t\t\t\t\t\t<a class=\"e-gallery-item elementor-gallery-item elementor-animated-content\" href=\"http:\/\/mobot.mg\/conservation\/wp-content\/uploads\/2024\/06\/Festival-de-la-biodiversite-2021_Visite-stands-scaled.jpg\" data-elementor-open-lightbox=\"yes\" data-elementor-lightbox-slideshow=\"all-3046432\" data-elementor-lightbox-title=\"Festival de la biodiversit\u00e9 2021_Visite stands\" data-e-action-hash=\"#elementor-action%3Aaction%3Dlightbox%26settings%3DeyJpZCI6MTQxMiwidXJsIjoiaHR0cDpcL1wvbW9ib3QubWdcL2NvbnNlcnZhdGlvblwvd3AtY29udGVudFwvdXBsb2Fkc1wvMjAyNFwvMDZcL0Zlc3RpdmFsLWRlLWxhLWJpb2RpdmVyc2l0ZS0yMDIxX1Zpc2l0ZS1zdGFuZHMtc2NhbGVkLmpwZyIsInNsaWRlc2hvdyI6ImFsbC0zMDQ2NDMyIn0%3D\">\n\t\t\t\t\t<div class=\"e-gallery-image elementor-gallery-item__image\" data-thumbnail=\"http:\/\/mobot.mg\/conservation\/wp-content\/uploads\/2024\/06\/Festival-de-la-biodiversite-2021_Visite-stands-300x169.jpg\" data-width=\"300\" data-height=\"169\" alt=\"\" ><\/div>\n\t\t\t\t\t\t\t\t\t\t\t<div class=\"elementor-gallery-item__overlay\"><\/div>\n\t\t\t\t\t\t\t\t\t\t\t\t\t\t\t<div class=\"elementor-gallery-item__content\">\n\t\t\t\t\t\t\t\t\t\t\t\t\t\t<div class=\"elementor-gallery-item__title\">\n\t\t\t\t\t\t\t\t\t\t\t\t\t\t\t\t\t\tFestival de la biodiversit\u00e9 2021_Visite stands\t\t\t\t\t\t\t\t<\/div>\n\t\t\t\t\t\t\t\t\t\t\t\t<\/div>\n\t\t\t\t\t\t\t\t\t<\/a>\n\t\t\t\t\t\t\t<a class=\"e-gallery-item elementor-gallery-item elementor-animated-content\" href=\"http:\/\/mobot.mg\/conservation\/wp-content\/uploads\/2024\/06\/Festival-de-la-biodiversite-2021_Vehivavy-08-mars-Barabosy-scaled.jpg\" data-elementor-open-lightbox=\"yes\" data-elementor-lightbox-slideshow=\"all-3046432\" data-elementor-lightbox-title=\"Festival de la biodiversit\u00e9 2021_Vehivavy 08 mars Barabosy\" data-e-action-hash=\"#elementor-action%3Aaction%3Dlightbox%26settings%3DeyJpZCI6MTQxMSwidXJsIjoiaHR0cDpcL1wvbW9ib3QubWdcL2NvbnNlcnZhdGlvblwvd3AtY29udGVudFwvdXBsb2Fkc1wvMjAyNFwvMDZcL0Zlc3RpdmFsLWRlLWxhLWJpb2RpdmVyc2l0ZS0yMDIxX1ZlaGl2YXZ5LTA4LW1hcnMtQmFyYWJvc3ktc2NhbGVkLmpwZyIsInNsaWRlc2hvdyI6ImFsbC0zMDQ2NDMyIn0%3D\">\n\t\t\t\t\t<div class=\"e-gallery-image elementor-gallery-item__image\" data-thumbnail=\"http:\/\/mobot.mg\/conservation\/wp-content\/uploads\/2024\/06\/Festival-de-la-biodiversite-2021_Vehivavy-08-mars-Barabosy-300x199.jpg\" data-width=\"300\" data-height=\"199\" alt=\"\" ><\/div>\n\t\t\t\t\t\t\t\t\t\t\t<div class=\"elementor-gallery-item__overlay\"><\/div>\n\t\t\t\t\t\t\t\t\t\t\t\t\t\t\t<div class=\"elementor-gallery-item__content\">\n\t\t\t\t\t\t\t\t\t\t\t\t\t\t<div class=\"elementor-gallery-item__title\">\n\t\t\t\t\t\t\t\t\t\t\t\t\t\t\t\t\t\tFestival de la biodiversit\u00e9 2021_Vehivavy 08 mars Barabosy\t\t\t\t\t\t\t\t<\/div>\n\t\t\t\t\t\t\t\t\t\t\t\t<\/div>\n\t\t\t\t\t\t\t\t\t<\/a>\n\t\t\t\t\t\t\t<a class=\"e-gallery-item elementor-gallery-item elementor-animated-content\" href=\"http:\/\/mobot.mg\/conservation\/wp-content\/uploads\/2024\/06\/Festival-de-la-biodiversite-2021_Radio-crochet-scaled.jpg\" data-elementor-open-lightbox=\"yes\" data-elementor-lightbox-slideshow=\"all-3046432\" data-elementor-lightbox-title=\"Festival de la biodiversit\u00e9 2021_Radio crochet\" data-e-action-hash=\"#elementor-action%3Aaction%3Dlightbox%26settings%3DeyJpZCI6MTQxMCwidXJsIjoiaHR0cDpcL1wvbW9ib3QubWdcL2NvbnNlcnZhdGlvblwvd3AtY29udGVudFwvdXBsb2Fkc1wvMjAyNFwvMDZcL0Zlc3RpdmFsLWRlLWxhLWJpb2RpdmVyc2l0ZS0yMDIxX1JhZGlvLWNyb2NoZXQtc2NhbGVkLmpwZyIsInNsaWRlc2hvdyI6ImFsbC0zMDQ2NDMyIn0%3D\">\n\t\t\t\t\t<div class=\"e-gallery-image elementor-gallery-item__image\" data-thumbnail=\"http:\/\/mobot.mg\/conservation\/wp-content\/uploads\/2024\/06\/Festival-de-la-biodiversite-2021_Radio-crochet-300x169.jpg\" data-width=\"300\" data-height=\"169\" alt=\"\" ><\/div>\n\t\t\t\t\t\t\t\t\t\t\t<div class=\"elementor-gallery-item__overlay\"><\/div>\n\t\t\t\t\t\t\t\t\t\t\t\t\t\t\t<div class=\"elementor-gallery-item__content\">\n\t\t\t\t\t\t\t\t\t\t\t\t\t\t<div class=\"elementor-gallery-item__title\">\n\t\t\t\t\t\t\t\t\t\t\t\t\t\t\t\t\t\tFestival de la biodiversit\u00e9 2021_Radio crochet\t\t\t\t\t\t\t\t<\/div>\n\t\t\t\t\t\t\t\t\t\t\t\t<\/div>\n\t\t\t\t\t\t\t\t\t<\/a>\n\t\t\t\t\t\t\t<a class=\"e-gallery-item elementor-gallery-item elementor-animated-content\" href=\"http:\/\/mobot.mg\/conservation\/wp-content\/uploads\/2024\/06\/Festival-de-la-biodiversite-2021_Participants-scaled.jpg\" data-elementor-open-lightbox=\"yes\" data-elementor-lightbox-slideshow=\"all-3046432\" data-elementor-lightbox-title=\"Festival de la biodiversit\u00e9 2021_Participants\" data-e-action-hash=\"#elementor-action%3Aaction%3Dlightbox%26settings%3DeyJpZCI6MTQwOSwidXJsIjoiaHR0cDpcL1wvbW9ib3QubWdcL2NvbnNlcnZhdGlvblwvd3AtY29udGVudFwvdXBsb2Fkc1wvMjAyNFwvMDZcL0Zlc3RpdmFsLWRlLWxhLWJpb2RpdmVyc2l0ZS0yMDIxX1BhcnRpY2lwYW50cy1zY2FsZWQuanBnIiwic2xpZGVzaG93IjoiYWxsLTMwNDY0MzIifQ%3D%3D\">\n\t\t\t\t\t<div class=\"e-gallery-image elementor-gallery-item__image\" data-thumbnail=\"http:\/\/mobot.mg\/conservation\/wp-content\/uploads\/2024\/06\/Festival-de-la-biodiversite-2021_Participants-300x169.jpg\" data-width=\"300\" data-height=\"169\" alt=\"\" ><\/div>\n\t\t\t\t\t\t\t\t\t\t\t<div class=\"elementor-gallery-item__overlay\"><\/div>\n\t\t\t\t\t\t\t\t\t\t\t\t\t\t\t<div class=\"elementor-gallery-item__content\">\n\t\t\t\t\t\t\t\t\t\t\t\t\t\t<div class=\"elementor-gallery-item__title\">\n\t\t\t\t\t\t\t\t\t\t\t\t\t\t\t\t\t\tFestival de la biodiversit\u00e9 2021_Participants\t\t\t\t\t\t\t\t<\/div>\n\t\t\t\t\t\t\t\t\t\t\t\t<\/div>\n\t\t\t\t\t\t\t\t\t<\/a>\n\t\t\t\t\t\t\t<a class=\"e-gallery-item elementor-gallery-item elementor-animated-content\" href=\"http:\/\/mobot.mg\/conservation\/wp-content\/uploads\/2024\/06\/Festival-de-la-biodiversite-2021_Partenaires-locaux-scaled.jpg\" data-elementor-open-lightbox=\"yes\" data-elementor-lightbox-slideshow=\"all-3046432\" data-elementor-lightbox-title=\"Festival de la biodiversit\u00e9 2021_Partenaires locaux\" data-e-action-hash=\"#elementor-action%3Aaction%3Dlightbox%26settings%3DeyJpZCI6MTQwOCwidXJsIjoiaHR0cDpcL1wvbW9ib3QubWdcL2NvbnNlcnZhdGlvblwvd3AtY29udGVudFwvdXBsb2Fkc1wvMjAyNFwvMDZcL0Zlc3RpdmFsLWRlLWxhLWJpb2RpdmVyc2l0ZS0yMDIxX1BhcnRlbmFpcmVzLWxvY2F1eC1zY2FsZWQuanBnIiwic2xpZGVzaG93IjoiYWxsLTMwNDY0MzIifQ%3D%3D\">\n\t\t\t\t\t<div class=\"e-gallery-image elementor-gallery-item__image\" data-thumbnail=\"http:\/\/mobot.mg\/conservation\/wp-content\/uploads\/2024\/06\/Festival-de-la-biodiversite-2021_Partenaires-locaux-300x169.jpg\" data-width=\"300\" data-height=\"169\" alt=\"\" ><\/div>\n\t\t\t\t\t\t\t\t\t\t\t<div class=\"elementor-gallery-item__overlay\"><\/div>\n\t\t\t\t\t\t\t\t\t\t\t\t\t\t\t<div class=\"elementor-gallery-item__content\">\n\t\t\t\t\t\t\t\t\t\t\t\t\t\t<div class=\"elementor-gallery-item__title\">\n\t\t\t\t\t\t\t\t\t\t\t\t\t\t\t\t\t\tFestival de la biodiversit\u00e9 2021_Partenaires locaux\t\t\t\t\t\t\t\t<\/div>\n\t\t\t\t\t\t\t\t\t\t\t\t<\/div>\n\t\t\t\t\t\t\t\t\t<\/a>\n\t\t\t\t\t\t\t<a class=\"e-gallery-item elementor-gallery-item elementor-animated-content\" href=\"http:\/\/mobot.mg\/conservation\/wp-content\/uploads\/2024\/06\/Festival-de-la-biodiversite-2021_Mascottes-Lemur-catta-scaled.jpg\" data-elementor-open-lightbox=\"yes\" data-elementor-lightbox-slideshow=\"all-3046432\" data-elementor-lightbox-title=\"Festival de la biodiversit\u00e9 2021_Mascottes Lemur catta\" data-e-action-hash=\"#elementor-action%3Aaction%3Dlightbox%26settings%3DeyJpZCI6MTQwNywidXJsIjoiaHR0cDpcL1wvbW9ib3QubWdcL2NvbnNlcnZhdGlvblwvd3AtY29udGVudFwvdXBsb2Fkc1wvMjAyNFwvMDZcL0Zlc3RpdmFsLWRlLWxhLWJpb2RpdmVyc2l0ZS0yMDIxX01hc2NvdHRlcy1MZW11ci1jYXR0YS1zY2FsZWQuanBnIiwic2xpZGVzaG93IjoiYWxsLTMwNDY0MzIifQ%3D%3D\">\n\t\t\t\t\t<div class=\"e-gallery-image elementor-gallery-item__image\" data-thumbnail=\"http:\/\/mobot.mg\/conservation\/wp-content\/uploads\/2024\/06\/Festival-de-la-biodiversite-2021_Mascottes-Lemur-catta-300x225.jpg\" data-width=\"300\" data-height=\"225\" alt=\"\" ><\/div>\n\t\t\t\t\t\t\t\t\t\t\t<div class=\"elementor-gallery-item__overlay\"><\/div>\n\t\t\t\t\t\t\t\t\t\t\t\t\t\t\t<div class=\"elementor-gallery-item__content\">\n\t\t\t\t\t\t\t\t\t\t\t\t\t\t<div class=\"elementor-gallery-item__title\">\n\t\t\t\t\t\t\t\t\t\t\t\t\t\t\t\t\t\tFestival de la biodiversit\u00e9 2021_Mascottes Lemur catta\t\t\t\t\t\t\t\t<\/div>\n\t\t\t\t\t\t\t\t\t\t\t\t<\/div>\n\t\t\t\t\t\t\t\t\t<\/a>\n\t\t\t\t\t\t\t<a class=\"e-gallery-item elementor-gallery-item elementor-animated-content\" href=\"http:\/\/mobot.mg\/conservation\/wp-content\/uploads\/2024\/06\/Festival-de-la-biodiversite-2021_Mascottes-Lemur-catta-1-scaled.jpg\" data-elementor-open-lightbox=\"yes\" data-elementor-lightbox-slideshow=\"all-3046432\" data-elementor-lightbox-title=\"Festival de la biodiversit\u00e9 2021_Mascottes Lemur catta (1)\" data-e-action-hash=\"#elementor-action%3Aaction%3Dlightbox%26settings%3DeyJpZCI6MTQwNiwidXJsIjoiaHR0cDpcL1wvbW9ib3QubWdcL2NvbnNlcnZhdGlvblwvd3AtY29udGVudFwvdXBsb2Fkc1wvMjAyNFwvMDZcL0Zlc3RpdmFsLWRlLWxhLWJpb2RpdmVyc2l0ZS0yMDIxX01hc2NvdHRlcy1MZW11ci1jYXR0YS0xLXNjYWxlZC5qcGciLCJzbGlkZXNob3ciOiJhbGwtMzA0NjQzMiJ9\">\n\t\t\t\t\t<div class=\"e-gallery-image elementor-gallery-item__image\" data-thumbnail=\"http:\/\/mobot.mg\/conservation\/wp-content\/uploads\/2024\/06\/Festival-de-la-biodiversite-2021_Mascottes-Lemur-catta-1-300x199.jpg\" data-width=\"300\" data-height=\"199\" alt=\"\" ><\/div>\n\t\t\t\t\t\t\t\t\t\t\t<div class=\"elementor-gallery-item__overlay\"><\/div>\n\t\t\t\t\t\t\t\t\t\t\t\t\t\t\t<div class=\"elementor-gallery-item__content\">\n\t\t\t\t\t\t\t\t\t\t\t\t\t\t<div class=\"elementor-gallery-item__title\">\n\t\t\t\t\t\t\t\t\t\t\t\t\t\t\t\t\t\tFestival de la biodiversit\u00e9 2021_Mascottes Lemur catta (1)\t\t\t\t\t\t\t\t<\/div>\n\t\t\t\t\t\t\t\t\t\t\t\t<\/div>\n\t\t\t\t\t\t\t\t\t<\/a>\n\t\t\t\t\t\t\t<a class=\"e-gallery-item elementor-gallery-item elementor-animated-content\" href=\"http:\/\/mobot.mg\/conservation\/wp-content\/uploads\/2024\/06\/Festival-de-la-biodiversite-2021_Invites-scaled.jpg\" data-elementor-open-lightbox=\"yes\" data-elementor-lightbox-slideshow=\"all-3046432\" data-elementor-lightbox-title=\"Festival de la biodiversit\u00e9 2021_Invit\u00e9s\" data-e-action-hash=\"#elementor-action%3Aaction%3Dlightbox%26settings%3DeyJpZCI6MTQwNSwidXJsIjoiaHR0cDpcL1wvbW9ib3QubWdcL2NvbnNlcnZhdGlvblwvd3AtY29udGVudFwvdXBsb2Fkc1wvMjAyNFwvMDZcL0Zlc3RpdmFsLWRlLWxhLWJpb2RpdmVyc2l0ZS0yMDIxX0ludml0ZXMtc2NhbGVkLmpwZyIsInNsaWRlc2hvdyI6ImFsbC0zMDQ2NDMyIn0%3D\">\n\t\t\t\t\t<div class=\"e-gallery-image elementor-gallery-item__image\" data-thumbnail=\"http:\/\/mobot.mg\/conservation\/wp-content\/uploads\/2024\/06\/Festival-de-la-biodiversite-2021_Invites-300x199.jpg\" data-width=\"300\" data-height=\"199\" alt=\"\" ><\/div>\n\t\t\t\t\t\t\t\t\t\t\t<div class=\"elementor-gallery-item__overlay\"><\/div>\n\t\t\t\t\t\t\t\t\t\t\t\t\t\t\t<div class=\"elementor-gallery-item__content\">\n\t\t\t\t\t\t\t\t\t\t\t\t\t\t<div class=\"elementor-gallery-item__title\">\n\t\t\t\t\t\t\t\t\t\t\t\t\t\t\t\t\t\tFestival de la biodiversit\u00e9 2021_Invit\u00e9s\t\t\t\t\t\t\t\t<\/div>\n\t\t\t\t\t\t\t\t\t\t\t\t<\/div>\n\t\t\t\t\t\t\t\t\t<\/a>\n\t\t\t\t\t\t\t<a class=\"e-gallery-item elementor-gallery-item elementor-animated-content\" href=\"http:\/\/mobot.mg\/conservation\/wp-content\/uploads\/2024\/06\/Festival-de-la-biodiversite-2021_Course-Varikamena-scaled.jpg\" data-elementor-open-lightbox=\"yes\" data-elementor-lightbox-slideshow=\"all-3046432\" data-elementor-lightbox-title=\"Festival de la biodiversit\u00e9 2021_Course Varikamena\" data-e-action-hash=\"#elementor-action%3Aaction%3Dlightbox%26settings%3DeyJpZCI6MTQwNCwidXJsIjoiaHR0cDpcL1wvbW9ib3QubWdcL2NvbnNlcnZhdGlvblwvd3AtY29udGVudFwvdXBsb2Fkc1wvMjAyNFwvMDZcL0Zlc3RpdmFsLWRlLWxhLWJpb2RpdmVyc2l0ZS0yMDIxX0NvdXJzZS1WYXJpa2FtZW5hLXNjYWxlZC5qcGciLCJzbGlkZXNob3ciOiJhbGwtMzA0NjQzMiJ9\">\n\t\t\t\t\t<div class=\"e-gallery-image elementor-gallery-item__image\" data-thumbnail=\"http:\/\/mobot.mg\/conservation\/wp-content\/uploads\/2024\/06\/Festival-de-la-biodiversite-2021_Course-Varikamena-300x169.jpg\" data-width=\"300\" data-height=\"169\" alt=\"\" ><\/div>\n\t\t\t\t\t\t\t\t\t\t\t<div class=\"elementor-gallery-item__overlay\"><\/div>\n\t\t\t\t\t\t\t\t\t\t\t\t\t\t\t<div class=\"elementor-gallery-item__content\">\n\t\t\t\t\t\t\t\t\t\t\t\t\t\t<div class=\"elementor-gallery-item__title\">\n\t\t\t\t\t\t\t\t\t\t\t\t\t\t\t\t\t\tFestival de la biodiversit\u00e9 2021_Course Varikamena\t\t\t\t\t\t\t\t<\/div>\n\t\t\t\t\t\t\t\t\t\t\t\t<\/div>\n\t\t\t\t\t\t\t\t\t<\/a>\n\t\t\t\t\t\t\t<a class=\"e-gallery-item elementor-gallery-item elementor-animated-content\" href=\"http:\/\/mobot.mg\/conservation\/wp-content\/uploads\/2024\/06\/Festival-de-la-biodiversite-2021_Carnaval-scaled.jpg\" data-elementor-open-lightbox=\"yes\" data-elementor-lightbox-slideshow=\"all-3046432\" data-elementor-lightbox-title=\"Festival de la biodiversit\u00e9 2021_Carnaval\" data-e-action-hash=\"#elementor-action%3Aaction%3Dlightbox%26settings%3DeyJpZCI6MTQwMywidXJsIjoiaHR0cDpcL1wvbW9ib3QubWdcL2NvbnNlcnZhdGlvblwvd3AtY29udGVudFwvdXBsb2Fkc1wvMjAyNFwvMDZcL0Zlc3RpdmFsLWRlLWxhLWJpb2RpdmVyc2l0ZS0yMDIxX0Nhcm5hdmFsLXNjYWxlZC5qcGciLCJzbGlkZXNob3ciOiJhbGwtMzA0NjQzMiJ9\">\n\t\t\t\t\t<div class=\"e-gallery-image elementor-gallery-item__image\" data-thumbnail=\"http:\/\/mobot.mg\/conservation\/wp-content\/uploads\/2024\/06\/Festival-de-la-biodiversite-2021_Carnaval-300x199.jpg\" data-width=\"300\" data-height=\"199\" alt=\"\" ><\/div>\n\t\t\t\t\t\t\t\t\t\t\t<div class=\"elementor-gallery-item__overlay\"><\/div>\n\t\t\t\t\t\t\t\t\t\t\t\t\t\t\t<div class=\"elementor-gallery-item__content\">\n\t\t\t\t\t\t\t\t\t\t\t\t\t\t<div class=\"elementor-gallery-item__title\">\n\t\t\t\t\t\t\t\t\t\t\t\t\t\t\t\t\t\tFestival de la biodiversit\u00e9 2021_Carnaval\t\t\t\t\t\t\t\t<\/div>\n\t\t\t\t\t\t\t\t\t\t\t\t<\/div>\n\t\t\t\t\t\t\t\t\t<\/a>\n\t\t\t\t\t\t\t<a class=\"e-gallery-item elementor-gallery-item elementor-animated-content\" href=\"http:\/\/mobot.mg\/conservation\/wp-content\/uploads\/2024\/06\/Festival-de-la-biodiversite-2021_Carnaval-Partenaires-scaled.jpg\" data-elementor-open-lightbox=\"yes\" data-elementor-lightbox-slideshow=\"all-3046432\" data-elementor-lightbox-title=\"Festival de la biodiversit\u00e9 2021_Carnaval Partenaires\" data-e-action-hash=\"#elementor-action%3Aaction%3Dlightbox%26settings%3DeyJpZCI6MTQwMiwidXJsIjoiaHR0cDpcL1wvbW9ib3QubWdcL2NvbnNlcnZhdGlvblwvd3AtY29udGVudFwvdXBsb2Fkc1wvMjAyNFwvMDZcL0Zlc3RpdmFsLWRlLWxhLWJpb2RpdmVyc2l0ZS0yMDIxX0Nhcm5hdmFsLVBhcnRlbmFpcmVzLXNjYWxlZC5qcGciLCJzbGlkZXNob3ciOiJhbGwtMzA0NjQzMiJ9\">\n\t\t\t\t\t<div class=\"e-gallery-image elementor-gallery-item__image\" data-thumbnail=\"http:\/\/mobot.mg\/conservation\/wp-content\/uploads\/2024\/06\/Festival-de-la-biodiversite-2021_Carnaval-Partenaires-300x199.jpg\" data-width=\"300\" data-height=\"199\" alt=\"\" ><\/div>\n\t\t\t\t\t\t\t\t\t\t\t<div class=\"elementor-gallery-item__overlay\"><\/div>\n\t\t\t\t\t\t\t\t\t\t\t\t\t\t\t<div class=\"elementor-gallery-item__content\">\n\t\t\t\t\t\t\t\t\t\t\t\t\t\t<div class=\"elementor-gallery-item__title\">\n\t\t\t\t\t\t\t\t\t\t\t\t\t\t\t\t\t\tFestival de la biodiversit\u00e9 2021_Carnaval Partenaires\t\t\t\t\t\t\t\t<\/div>\n\t\t\t\t\t\t\t\t\t\t\t\t<\/div>\n\t\t\t\t\t\t\t\t\t<\/a>\n\t\t\t\t\t\t\t<a class=\"e-gallery-item elementor-gallery-item elementor-animated-content\" href=\"http:\/\/mobot.mg\/conservation\/wp-content\/uploads\/2024\/06\/Festival-de-la-biodiversite-2021_Carnaval-1-scaled.jpg\" data-elementor-open-lightbox=\"yes\" data-elementor-lightbox-slideshow=\"all-3046432\" data-elementor-lightbox-title=\"Festival de la biodiversit\u00e9 2021_Carnaval (1)\" data-e-action-hash=\"#elementor-action%3Aaction%3Dlightbox%26settings%3DeyJpZCI6MTQwMSwidXJsIjoiaHR0cDpcL1wvbW9ib3QubWdcL2NvbnNlcnZhdGlvblwvd3AtY29udGVudFwvdXBsb2Fkc1wvMjAyNFwvMDZcL0Zlc3RpdmFsLWRlLWxhLWJpb2RpdmVyc2l0ZS0yMDIxX0Nhcm5hdmFsLTEtc2NhbGVkLmpwZyIsInNsaWRlc2hvdyI6ImFsbC0zMDQ2NDMyIn0%3D\">\n\t\t\t\t\t<div class=\"e-gallery-image elementor-gallery-item__image\" data-thumbnail=\"http:\/\/mobot.mg\/conservation\/wp-content\/uploads\/2024\/06\/Festival-de-la-biodiversite-2021_Carnaval-1-300x199.jpg\" data-width=\"300\" data-height=\"199\" alt=\"\" ><\/div>\n\t\t\t\t\t\t\t\t\t\t\t<div class=\"elementor-gallery-item__overlay\"><\/div>\n\t\t\t\t\t\t\t\t\t\t\t\t\t\t\t<div class=\"elementor-gallery-item__content\">\n\t\t\t\t\t\t\t\t\t\t\t\t\t\t<div class=\"elementor-gallery-item__title\">\n\t\t\t\t\t\t\t\t\t\t\t\t\t\t\t\t\t\tFestival de la biodiversit\u00e9 2021_Carnaval (1)\t\t\t\t\t\t\t\t<\/div>\n\t\t\t\t\t\t\t\t\t\t\t\t<\/div>\n\t\t\t\t\t\t\t\t\t<\/a>\n\t\t\t\t\t\t\t<a class=\"e-gallery-item elementor-gallery-item elementor-animated-content\" href=\"http:\/\/mobot.mg\/conservation\/wp-content\/uploads\/2024\/06\/Fanoloranny-MAEP-fitaovana-ho-anny-fikambananny-majono-manodidina-ny-NAP-Agnalazaha.jpg\" data-elementor-open-lightbox=\"yes\" data-elementor-lightbox-slideshow=\"all-3046432\" data-elementor-lightbox-title=\"Fanoloran&#039;ny MAEP fitaovana ho an&#039;ny fikambanan&#039;ny majono manodidina ny NAP Agnalazaha\" data-e-action-hash=\"#elementor-action%3Aaction%3Dlightbox%26settings%3DeyJpZCI6MTQwMCwidXJsIjoiaHR0cDpcL1wvbW9ib3QubWdcL2NvbnNlcnZhdGlvblwvd3AtY29udGVudFwvdXBsb2Fkc1wvMjAyNFwvMDZcL0Zhbm9sb3Jhbm55LU1BRVAtZml0YW92YW5hLWhvLWFubnktZmlrYW1iYW5hbm55LW1ham9uby1tYW5vZGlkaW5hLW55LU5BUC1BZ25hbGF6YWhhLmpwZyIsInNsaWRlc2hvdyI6ImFsbC0zMDQ2NDMyIn0%3D\">\n\t\t\t\t\t<div class=\"e-gallery-image elementor-gallery-item__image\" data-thumbnail=\"http:\/\/mobot.mg\/conservation\/wp-content\/uploads\/2024\/06\/Fanoloranny-MAEP-fitaovana-ho-anny-fikambananny-majono-manodidina-ny-NAP-Agnalazaha-300x225.jpg\" data-width=\"300\" data-height=\"225\" alt=\"\" ><\/div>\n\t\t\t\t\t\t\t\t\t\t\t<div class=\"elementor-gallery-item__overlay\"><\/div>\n\t\t\t\t\t\t\t\t\t\t\t\t\t\t\t<div class=\"elementor-gallery-item__content\">\n\t\t\t\t\t\t\t\t\t\t\t\t\t\t<div class=\"elementor-gallery-item__title\">\n\t\t\t\t\t\t\t\t\t\t\t\t\t\t\t\t\t\tFanoloran'ny MAEP fitaovana ho an'ny fikambanan'ny majono manodidina ny NAP Agnalazaha\t\t\t\t\t\t\t\t<\/div>\n\t\t\t\t\t\t\t\t\t\t\t\t<\/div>\n\t\t\t\t\t\t\t\t\t<\/a>\n\t\t\t\t\t\t\t<a class=\"e-gallery-item elementor-gallery-item elementor-animated-content\" href=\"http:\/\/mobot.mg\/conservation\/wp-content\/uploads\/2024\/06\/Eulemur-cinereiceps_Agnalazaha_Hubert.jpg\" data-elementor-open-lightbox=\"yes\" data-elementor-lightbox-slideshow=\"all-3046432\" data-elementor-lightbox-title=\"Eulemur cinereiceps_Agnalazaha_Hubert\" data-e-action-hash=\"#elementor-action%3Aaction%3Dlightbox%26settings%3DeyJpZCI6MTM5OSwidXJsIjoiaHR0cDpcL1wvbW9ib3QubWdcL2NvbnNlcnZhdGlvblwvd3AtY29udGVudFwvdXBsb2Fkc1wvMjAyNFwvMDZcL0V1bGVtdXItY2luZXJlaWNlcHNfQWduYWxhemFoYV9IdWJlcnQuanBnIiwic2xpZGVzaG93IjoiYWxsLTMwNDY0MzIifQ%3D%3D\">\n\t\t\t\t\t<div class=\"e-gallery-image elementor-gallery-item__image\" data-thumbnail=\"http:\/\/mobot.mg\/conservation\/wp-content\/uploads\/2024\/06\/Eulemur-cinereiceps_Agnalazaha_Hubert-176x300.jpg\" data-width=\"176\" data-height=\"300\" alt=\"\" ><\/div>\n\t\t\t\t\t\t\t\t\t\t\t<div class=\"elementor-gallery-item__overlay\"><\/div>\n\t\t\t\t\t\t\t\t\t\t\t\t\t\t\t<div class=\"elementor-gallery-item__content\">\n\t\t\t\t\t\t\t\t\t\t\t\t\t\t<div class=\"elementor-gallery-item__title\">\n\t\t\t\t\t\t\t\t\t\t\t\t\t\t\t\t\t\tEulemur cinereiceps_Agnalazaha_Hubert\t\t\t\t\t\t\t\t<\/div>\n\t\t\t\t\t\t\t\t\t\t\t\t<\/div>\n\t\t\t\t\t\t\t\t\t<\/a>\n\t\t\t\t\t\t\t<a class=\"e-gallery-item elementor-gallery-item elementor-animated-content\" href=\"http:\/\/mobot.mg\/conservation\/wp-content\/uploads\/2024\/06\/28-scaled.jpg\" data-elementor-open-lightbox=\"yes\" data-elementor-lightbox-slideshow=\"all-3046432\" data-elementor-lightbox-title=\"28\" data-e-action-hash=\"#elementor-action%3Aaction%3Dlightbox%26settings%3DeyJpZCI6MTM5OCwidXJsIjoiaHR0cDpcL1wvbW9ib3QubWdcL2NvbnNlcnZhdGlvblwvd3AtY29udGVudFwvdXBsb2Fkc1wvMjAyNFwvMDZcLzI4LXNjYWxlZC5qcGciLCJzbGlkZXNob3ciOiJhbGwtMzA0NjQzMiJ9\">\n\t\t\t\t\t<div class=\"e-gallery-image elementor-gallery-item__image\" data-thumbnail=\"http:\/\/mobot.mg\/conservation\/wp-content\/uploads\/2024\/06\/28-300x200.jpg\" data-width=\"300\" data-height=\"200\" alt=\"\" ><\/div>\n\t\t\t\t\t\t\t\t\t\t\t<div class=\"elementor-gallery-item__overlay\"><\/div>\n\t\t\t\t\t\t\t\t\t\t\t\t\t\t\t<div class=\"elementor-gallery-item__content\">\n\t\t\t\t\t\t\t\t\t\t\t\t\t\t<div class=\"elementor-gallery-item__title\">\n\t\t\t\t\t\t\t\t\t\t\t\t\t\t\t\t\t\t28\t\t\t\t\t\t\t\t<\/div>\n\t\t\t\t\t\t\t\t\t\t\t\t<\/div>\n\t\t\t\t\t\t\t\t\t<\/a>\n\t\t\t\t\t\t\t<a class=\"e-gallery-item elementor-gallery-item elementor-animated-content\" href=\"http:\/\/mobot.mg\/conservation\/wp-content\/uploads\/2024\/06\/27.jpg\" data-elementor-open-lightbox=\"yes\" data-elementor-lightbox-slideshow=\"all-3046432\" data-elementor-lightbox-title=\"27\" data-e-action-hash=\"#elementor-action%3Aaction%3Dlightbox%26settings%3DeyJpZCI6MTM5NywidXJsIjoiaHR0cDpcL1wvbW9ib3QubWdcL2NvbnNlcnZhdGlvblwvd3AtY29udGVudFwvdXBsb2Fkc1wvMjAyNFwvMDZcLzI3LmpwZyIsInNsaWRlc2hvdyI6ImFsbC0zMDQ2NDMyIn0%3D\">\n\t\t\t\t\t<div class=\"e-gallery-image elementor-gallery-item__image\" data-thumbnail=\"http:\/\/mobot.mg\/conservation\/wp-content\/uploads\/2024\/06\/27-300x225.jpg\" data-width=\"300\" data-height=\"225\" alt=\"\" ><\/div>\n\t\t\t\t\t\t\t\t\t\t\t<div class=\"elementor-gallery-item__overlay\"><\/div>\n\t\t\t\t\t\t\t\t\t\t\t\t\t\t\t<div class=\"elementor-gallery-item__content\">\n\t\t\t\t\t\t\t\t\t\t\t\t\t\t<div class=\"elementor-gallery-item__title\">\n\t\t\t\t\t\t\t\t\t\t\t\t\t\t\t\t\t\t27\t\t\t\t\t\t\t\t<\/div>\n\t\t\t\t\t\t\t\t\t\t\t\t<\/div>\n\t\t\t\t\t\t\t\t\t<\/a>\n\t\t\t\t\t\t\t<a class=\"e-gallery-item elementor-gallery-item elementor-animated-content\" href=\"http:\/\/mobot.mg\/conservation\/wp-content\/uploads\/2024\/06\/26.jpg\" data-elementor-open-lightbox=\"yes\" data-elementor-lightbox-slideshow=\"all-3046432\" data-elementor-lightbox-title=\"26\" data-e-action-hash=\"#elementor-action%3Aaction%3Dlightbox%26settings%3DeyJpZCI6MTM5NiwidXJsIjoiaHR0cDpcL1wvbW9ib3QubWdcL2NvbnNlcnZhdGlvblwvd3AtY29udGVudFwvdXBsb2Fkc1wvMjAyNFwvMDZcLzI2LmpwZyIsInNsaWRlc2hvdyI6ImFsbC0zMDQ2NDMyIn0%3D\">\n\t\t\t\t\t<div class=\"e-gallery-image elementor-gallery-item__image\" data-thumbnail=\"http:\/\/mobot.mg\/conservation\/wp-content\/uploads\/2024\/06\/26-300x225.jpg\" data-width=\"300\" data-height=\"225\" alt=\"\" ><\/div>\n\t\t\t\t\t\t\t\t\t\t\t<div class=\"elementor-gallery-item__overlay\"><\/div>\n\t\t\t\t\t\t\t\t\t\t\t\t\t\t\t<div class=\"elementor-gallery-item__content\">\n\t\t\t\t\t\t\t\t\t\t\t\t\t\t<div class=\"elementor-gallery-item__title\">\n\t\t\t\t\t\t\t\t\t\t\t\t\t\t\t\t\t\t26\t\t\t\t\t\t\t\t<\/div>\n\t\t\t\t\t\t\t\t\t\t\t\t<\/div>\n\t\t\t\t\t\t\t\t\t<\/a>\n\t\t\t\t\t\t\t<a class=\"e-gallery-item elementor-gallery-item elementor-animated-content\" href=\"http:\/\/mobot.mg\/conservation\/wp-content\/uploads\/2024\/06\/25.jpg\" data-elementor-open-lightbox=\"yes\" data-elementor-lightbox-slideshow=\"all-3046432\" data-elementor-lightbox-title=\"25\" data-e-action-hash=\"#elementor-action%3Aaction%3Dlightbox%26settings%3DeyJpZCI6MTM5NSwidXJsIjoiaHR0cDpcL1wvbW9ib3QubWdcL2NvbnNlcnZhdGlvblwvd3AtY29udGVudFwvdXBsb2Fkc1wvMjAyNFwvMDZcLzI1LmpwZyIsInNsaWRlc2hvdyI6ImFsbC0zMDQ2NDMyIn0%3D\">\n\t\t\t\t\t<div class=\"e-gallery-image elementor-gallery-item__image\" data-thumbnail=\"http:\/\/mobot.mg\/conservation\/wp-content\/uploads\/2024\/06\/25-300x225.jpg\" data-width=\"300\" data-height=\"225\" alt=\"\" ><\/div>\n\t\t\t\t\t\t\t\t\t\t\t<div class=\"elementor-gallery-item__overlay\"><\/div>\n\t\t\t\t\t\t\t\t\t\t\t\t\t\t\t<div class=\"elementor-gallery-item__content\">\n\t\t\t\t\t\t\t\t\t\t\t\t\t\t<div class=\"elementor-gallery-item__title\">\n\t\t\t\t\t\t\t\t\t\t\t\t\t\t\t\t\t\t25\t\t\t\t\t\t\t\t<\/div>\n\t\t\t\t\t\t\t\t\t\t\t\t<\/div>\n\t\t\t\t\t\t\t\t\t<\/a>\n\t\t\t\t\t\t\t<a class=\"e-gallery-item elementor-gallery-item elementor-animated-content\" href=\"http:\/\/mobot.mg\/conservation\/wp-content\/uploads\/2024\/06\/24.jpg\" data-elementor-open-lightbox=\"yes\" data-elementor-lightbox-slideshow=\"all-3046432\" data-elementor-lightbox-title=\"24\" data-e-action-hash=\"#elementor-action%3Aaction%3Dlightbox%26settings%3DeyJpZCI6MTM5NCwidXJsIjoiaHR0cDpcL1wvbW9ib3QubWdcL2NvbnNlcnZhdGlvblwvd3AtY29udGVudFwvdXBsb2Fkc1wvMjAyNFwvMDZcLzI0LmpwZyIsInNsaWRlc2hvdyI6ImFsbC0zMDQ2NDMyIn0%3D\">\n\t\t\t\t\t<div class=\"e-gallery-image elementor-gallery-item__image\" data-thumbnail=\"http:\/\/mobot.mg\/conservation\/wp-content\/uploads\/2024\/06\/24-300x225.jpg\" data-width=\"300\" data-height=\"225\" alt=\"\" ><\/div>\n\t\t\t\t\t\t\t\t\t\t\t<div class=\"elementor-gallery-item__overlay\"><\/div>\n\t\t\t\t\t\t\t\t\t\t\t\t\t\t\t<div class=\"elementor-gallery-item__content\">\n\t\t\t\t\t\t\t\t\t\t\t\t\t\t<div class=\"elementor-gallery-item__title\">\n\t\t\t\t\t\t\t\t\t\t\t\t\t\t\t\t\t\t24\t\t\t\t\t\t\t\t<\/div>\n\t\t\t\t\t\t\t\t\t\t\t\t<\/div>\n\t\t\t\t\t\t\t\t\t<\/a>\n\t\t\t\t\t\t\t<a class=\"e-gallery-item elementor-gallery-item elementor-animated-content\" href=\"http:\/\/mobot.mg\/conservation\/wp-content\/uploads\/2024\/06\/23.jpg\" data-elementor-open-lightbox=\"yes\" data-elementor-lightbox-slideshow=\"all-3046432\" data-elementor-lightbox-title=\"23\" data-e-action-hash=\"#elementor-action%3Aaction%3Dlightbox%26settings%3DeyJpZCI6MTM5MywidXJsIjoiaHR0cDpcL1wvbW9ib3QubWdcL2NvbnNlcnZhdGlvblwvd3AtY29udGVudFwvdXBsb2Fkc1wvMjAyNFwvMDZcLzIzLmpwZyIsInNsaWRlc2hvdyI6ImFsbC0zMDQ2NDMyIn0%3D\">\n\t\t\t\t\t<div class=\"e-gallery-image elementor-gallery-item__image\" data-thumbnail=\"http:\/\/mobot.mg\/conservation\/wp-content\/uploads\/2024\/06\/23-300x225.jpg\" data-width=\"300\" data-height=\"225\" alt=\"\" ><\/div>\n\t\t\t\t\t\t\t\t\t\t\t<div class=\"elementor-gallery-item__overlay\"><\/div>\n\t\t\t\t\t\t\t\t\t\t\t\t\t\t\t<div class=\"elementor-gallery-item__content\">\n\t\t\t\t\t\t\t\t\t\t\t\t\t\t<div class=\"elementor-gallery-item__title\">\n\t\t\t\t\t\t\t\t\t\t\t\t\t\t\t\t\t\t23\t\t\t\t\t\t\t\t<\/div>\n\t\t\t\t\t\t\t\t\t\t\t\t<\/div>\n\t\t\t\t\t\t\t\t\t<\/a>\n\t\t\t\t\t\t\t<a class=\"e-gallery-item elementor-gallery-item elementor-animated-content\" href=\"http:\/\/mobot.mg\/conservation\/wp-content\/uploads\/2024\/06\/22-scaled.jpg\" data-elementor-open-lightbox=\"yes\" data-elementor-lightbox-slideshow=\"all-3046432\" data-elementor-lightbox-title=\"22\" data-e-action-hash=\"#elementor-action%3Aaction%3Dlightbox%26settings%3DeyJpZCI6MTM5MiwidXJsIjoiaHR0cDpcL1wvbW9ib3QubWdcL2NvbnNlcnZhdGlvblwvd3AtY29udGVudFwvdXBsb2Fkc1wvMjAyNFwvMDZcLzIyLXNjYWxlZC5qcGciLCJzbGlkZXNob3ciOiJhbGwtMzA0NjQzMiJ9\">\n\t\t\t\t\t<div class=\"e-gallery-image elementor-gallery-item__image\" data-thumbnail=\"http:\/\/mobot.mg\/conservation\/wp-content\/uploads\/2024\/06\/22-300x169.jpg\" data-width=\"300\" data-height=\"169\" alt=\"\" ><\/div>\n\t\t\t\t\t\t\t\t\t\t\t<div class=\"elementor-gallery-item__overlay\"><\/div>\n\t\t\t\t\t\t\t\t\t\t\t\t\t\t\t<div class=\"elementor-gallery-item__content\">\n\t\t\t\t\t\t\t\t\t\t\t\t\t\t<div class=\"elementor-gallery-item__title\">\n\t\t\t\t\t\t\t\t\t\t\t\t\t\t\t\t\t\t22\t\t\t\t\t\t\t\t<\/div>\n\t\t\t\t\t\t\t\t\t\t\t\t<\/div>\n\t\t\t\t\t\t\t\t\t<\/a>\n\t\t\t\t\t\t\t<a class=\"e-gallery-item elementor-gallery-item elementor-animated-content\" href=\"http:\/\/mobot.mg\/conservation\/wp-content\/uploads\/2024\/06\/21.jpg\" data-elementor-open-lightbox=\"yes\" data-elementor-lightbox-slideshow=\"all-3046432\" data-elementor-lightbox-title=\"21\" data-e-action-hash=\"#elementor-action%3Aaction%3Dlightbox%26settings%3DeyJpZCI6MTM5MSwidXJsIjoiaHR0cDpcL1wvbW9ib3QubWdcL2NvbnNlcnZhdGlvblwvd3AtY29udGVudFwvdXBsb2Fkc1wvMjAyNFwvMDZcLzIxLmpwZyIsInNsaWRlc2hvdyI6ImFsbC0zMDQ2NDMyIn0%3D\">\n\t\t\t\t\t<div class=\"e-gallery-image elementor-gallery-item__image\" data-thumbnail=\"http:\/\/mobot.mg\/conservation\/wp-content\/uploads\/2024\/06\/21-300x200.jpg\" data-width=\"300\" data-height=\"200\" alt=\"\" ><\/div>\n\t\t\t\t\t\t\t\t\t\t\t<div class=\"elementor-gallery-item__overlay\"><\/div>\n\t\t\t\t\t\t\t\t\t\t\t\t\t\t\t<div class=\"elementor-gallery-item__content\">\n\t\t\t\t\t\t\t\t\t\t\t\t\t\t<div class=\"elementor-gallery-item__title\">\n\t\t\t\t\t\t\t\t\t\t\t\t\t\t\t\t\t\t21\t\t\t\t\t\t\t\t<\/div>\n\t\t\t\t\t\t\t\t\t\t\t\t<\/div>\n\t\t\t\t\t\t\t\t\t<\/a>\n\t\t\t\t\t\t\t<a class=\"e-gallery-item elementor-gallery-item elementor-animated-content\" href=\"http:\/\/mobot.mg\/conservation\/wp-content\/uploads\/2024\/06\/20-scaled.jpg\" data-elementor-open-lightbox=\"yes\" data-elementor-lightbox-slideshow=\"all-3046432\" data-elementor-lightbox-title=\"20\" data-e-action-hash=\"#elementor-action%3Aaction%3Dlightbox%26settings%3DeyJpZCI6MTM5MCwidXJsIjoiaHR0cDpcL1wvbW9ib3QubWdcL2NvbnNlcnZhdGlvblwvd3AtY29udGVudFwvdXBsb2Fkc1wvMjAyNFwvMDZcLzIwLXNjYWxlZC5qcGciLCJzbGlkZXNob3ciOiJhbGwtMzA0NjQzMiJ9\">\n\t\t\t\t\t<div class=\"e-gallery-image elementor-gallery-item__image\" data-thumbnail=\"http:\/\/mobot.mg\/conservation\/wp-content\/uploads\/2024\/06\/20-300x200.jpg\" data-width=\"300\" data-height=\"200\" alt=\"\" ><\/div>\n\t\t\t\t\t\t\t\t\t\t\t<div class=\"elementor-gallery-item__overlay\"><\/div>\n\t\t\t\t\t\t\t\t\t\t\t\t\t\t\t<div class=\"elementor-gallery-item__content\">\n\t\t\t\t\t\t\t\t\t\t\t\t\t\t<div class=\"elementor-gallery-item__title\">\n\t\t\t\t\t\t\t\t\t\t\t\t\t\t\t\t\t\t20\t\t\t\t\t\t\t\t<\/div>\n\t\t\t\t\t\t\t\t\t\t\t\t<\/div>\n\t\t\t\t\t\t\t\t\t<\/a>\n\t\t\t\t\t\t\t<a class=\"e-gallery-item elementor-gallery-item elementor-animated-content\" href=\"http:\/\/mobot.mg\/conservation\/wp-content\/uploads\/2024\/06\/19.jpg\" data-elementor-open-lightbox=\"yes\" data-elementor-lightbox-slideshow=\"all-3046432\" data-elementor-lightbox-title=\"19\" data-e-action-hash=\"#elementor-action%3Aaction%3Dlightbox%26settings%3DeyJpZCI6MTM4OSwidXJsIjoiaHR0cDpcL1wvbW9ib3QubWdcL2NvbnNlcnZhdGlvblwvd3AtY29udGVudFwvdXBsb2Fkc1wvMjAyNFwvMDZcLzE5LmpwZyIsInNsaWRlc2hvdyI6ImFsbC0zMDQ2NDMyIn0%3D\">\n\t\t\t\t\t<div class=\"e-gallery-image elementor-gallery-item__image\" data-thumbnail=\"http:\/\/mobot.mg\/conservation\/wp-content\/uploads\/2024\/06\/19-300x225.jpg\" data-width=\"300\" data-height=\"225\" alt=\"\" ><\/div>\n\t\t\t\t\t\t\t\t\t\t\t<div class=\"elementor-gallery-item__overlay\"><\/div>\n\t\t\t\t\t\t\t\t\t\t\t\t\t\t\t<div class=\"elementor-gallery-item__content\">\n\t\t\t\t\t\t\t\t\t\t\t\t\t\t<div class=\"elementor-gallery-item__title\">\n\t\t\t\t\t\t\t\t\t\t\t\t\t\t\t\t\t\t19\t\t\t\t\t\t\t\t<\/div>\n\t\t\t\t\t\t\t\t\t\t\t\t<\/div>\n\t\t\t\t\t\t\t\t\t<\/a>\n\t\t\t\t\t\t\t<a class=\"e-gallery-item elementor-gallery-item elementor-animated-content\" href=\"http:\/\/mobot.mg\/conservation\/wp-content\/uploads\/2024\/06\/18.jpg\" data-elementor-open-lightbox=\"yes\" data-elementor-lightbox-slideshow=\"all-3046432\" data-elementor-lightbox-title=\"18\" data-e-action-hash=\"#elementor-action%3Aaction%3Dlightbox%26settings%3DeyJpZCI6MTM4OCwidXJsIjoiaHR0cDpcL1wvbW9ib3QubWdcL2NvbnNlcnZhdGlvblwvd3AtY29udGVudFwvdXBsb2Fkc1wvMjAyNFwvMDZcLzE4LmpwZyIsInNsaWRlc2hvdyI6ImFsbC0zMDQ2NDMyIn0%3D\">\n\t\t\t\t\t<div class=\"e-gallery-image elementor-gallery-item__image\" data-thumbnail=\"http:\/\/mobot.mg\/conservation\/wp-content\/uploads\/2024\/06\/18-300x225.jpg\" data-width=\"300\" data-height=\"225\" alt=\"\" ><\/div>\n\t\t\t\t\t\t\t\t\t\t\t<div class=\"elementor-gallery-item__overlay\"><\/div>\n\t\t\t\t\t\t\t\t\t\t\t\t\t\t\t<div class=\"elementor-gallery-item__content\">\n\t\t\t\t\t\t\t\t\t\t\t\t\t\t<div class=\"elementor-gallery-item__title\">\n\t\t\t\t\t\t\t\t\t\t\t\t\t\t\t\t\t\t18\t\t\t\t\t\t\t\t<\/div>\n\t\t\t\t\t\t\t\t\t\t\t\t<\/div>\n\t\t\t\t\t\t\t\t\t<\/a>\n\t\t\t\t\t\t\t<a class=\"e-gallery-item elementor-gallery-item elementor-animated-content\" href=\"http:\/\/mobot.mg\/conservation\/wp-content\/uploads\/2024\/06\/7-scaled.jpg\" data-elementor-open-lightbox=\"yes\" data-elementor-lightbox-slideshow=\"all-3046432\" data-elementor-lightbox-title=\"7\" data-e-action-hash=\"#elementor-action%3Aaction%3Dlightbox%26settings%3DeyJpZCI6MTM4NywidXJsIjoiaHR0cDpcL1wvbW9ib3QubWdcL2NvbnNlcnZhdGlvblwvd3AtY29udGVudFwvdXBsb2Fkc1wvMjAyNFwvMDZcLzctc2NhbGVkLmpwZyIsInNsaWRlc2hvdyI6ImFsbC0zMDQ2NDMyIn0%3D\">\n\t\t\t\t\t<div class=\"e-gallery-image elementor-gallery-item__image\" data-thumbnail=\"http:\/\/mobot.mg\/conservation\/wp-content\/uploads\/2024\/06\/7-169x300.jpg\" data-width=\"169\" data-height=\"300\" alt=\"\" ><\/div>\n\t\t\t\t\t\t\t\t\t\t\t<div class=\"elementor-gallery-item__overlay\"><\/div>\n\t\t\t\t\t\t\t\t\t\t\t\t\t\t\t<div class=\"elementor-gallery-item__content\">\n\t\t\t\t\t\t\t\t\t\t\t\t\t\t<div class=\"elementor-gallery-item__title\">\n\t\t\t\t\t\t\t\t\t\t\t\t\t\t\t\t\t\t7\t\t\t\t\t\t\t\t<\/div>\n\t\t\t\t\t\t\t\t\t\t\t\t<\/div>\n\t\t\t\t\t\t\t\t\t<\/a>\n\t\t\t\t\t\t\t<a class=\"e-gallery-item elementor-gallery-item elementor-animated-content\" href=\"http:\/\/mobot.mg\/conservation\/wp-content\/uploads\/2024\/06\/6.jpg\" data-elementor-open-lightbox=\"yes\" data-elementor-lightbox-slideshow=\"all-3046432\" data-elementor-lightbox-title=\"6\" data-e-action-hash=\"#elementor-action%3Aaction%3Dlightbox%26settings%3DeyJpZCI6MTM4NiwidXJsIjoiaHR0cDpcL1wvbW9ib3QubWdcL2NvbnNlcnZhdGlvblwvd3AtY29udGVudFwvdXBsb2Fkc1wvMjAyNFwvMDZcLzYuanBnIiwic2xpZGVzaG93IjoiYWxsLTMwNDY0MzIifQ%3D%3D\">\n\t\t\t\t\t<div class=\"e-gallery-image elementor-gallery-item__image\" data-thumbnail=\"http:\/\/mobot.mg\/conservation\/wp-content\/uploads\/2024\/06\/6-300x225.jpg\" data-width=\"300\" data-height=\"225\" alt=\"\" ><\/div>\n\t\t\t\t\t\t\t\t\t\t\t<div class=\"elementor-gallery-item__overlay\"><\/div>\n\t\t\t\t\t\t\t\t\t\t\t\t\t\t\t<div class=\"elementor-gallery-item__content\">\n\t\t\t\t\t\t\t\t\t\t\t\t\t\t<div class=\"elementor-gallery-item__title\">\n\t\t\t\t\t\t\t\t\t\t\t\t\t\t\t\t\t\t6\t\t\t\t\t\t\t\t<\/div>\n\t\t\t\t\t\t\t\t\t\t\t\t<\/div>\n\t\t\t\t\t\t\t\t\t<\/a>\n\t\t\t\t\t\t\t<a class=\"e-gallery-item elementor-gallery-item elementor-animated-content\" href=\"http:\/\/mobot.mg\/conservation\/wp-content\/uploads\/2024\/06\/5.jpg\" data-elementor-open-lightbox=\"yes\" data-elementor-lightbox-slideshow=\"all-3046432\" data-elementor-lightbox-title=\"5\" data-e-action-hash=\"#elementor-action%3Aaction%3Dlightbox%26settings%3DeyJpZCI6MTM4NSwidXJsIjoiaHR0cDpcL1wvbW9ib3QubWdcL2NvbnNlcnZhdGlvblwvd3AtY29udGVudFwvdXBsb2Fkc1wvMjAyNFwvMDZcLzUuanBnIiwic2xpZGVzaG93IjoiYWxsLTMwNDY0MzIifQ%3D%3D\">\n\t\t\t\t\t<div class=\"e-gallery-image elementor-gallery-item__image\" data-thumbnail=\"http:\/\/mobot.mg\/conservation\/wp-content\/uploads\/2024\/06\/5-300x225.jpg\" data-width=\"300\" data-height=\"225\" alt=\"\" ><\/div>\n\t\t\t\t\t\t\t\t\t\t\t<div class=\"elementor-gallery-item__overlay\"><\/div>\n\t\t\t\t\t\t\t\t\t\t\t\t\t\t\t<div class=\"elementor-gallery-item__content\">\n\t\t\t\t\t\t\t\t\t\t\t\t\t\t<div class=\"elementor-gallery-item__title\">\n\t\t\t\t\t\t\t\t\t\t\t\t\t\t\t\t\t\t5\t\t\t\t\t\t\t\t<\/div>\n\t\t\t\t\t\t\t\t\t\t\t\t<\/div>\n\t\t\t\t\t\t\t\t\t<\/a>\n\t\t\t\t\t\t\t<a class=\"e-gallery-item elementor-gallery-item elementor-animated-content\" href=\"http:\/\/mobot.mg\/conservation\/wp-content\/uploads\/2024\/06\/4.jpg\" data-elementor-open-lightbox=\"yes\" data-elementor-lightbox-slideshow=\"all-3046432\" data-elementor-lightbox-title=\"4\" data-e-action-hash=\"#elementor-action%3Aaction%3Dlightbox%26settings%3DeyJpZCI6MTM4NCwidXJsIjoiaHR0cDpcL1wvbW9ib3QubWdcL2NvbnNlcnZhdGlvblwvd3AtY29udGVudFwvdXBsb2Fkc1wvMjAyNFwvMDZcLzQuanBnIiwic2xpZGVzaG93IjoiYWxsLTMwNDY0MzIifQ%3D%3D\">\n\t\t\t\t\t<div class=\"e-gallery-image elementor-gallery-item__image\" data-thumbnail=\"http:\/\/mobot.mg\/conservation\/wp-content\/uploads\/2024\/06\/4-300x225.jpg\" data-width=\"300\" data-height=\"225\" alt=\"\" ><\/div>\n\t\t\t\t\t\t\t\t\t\t\t<div class=\"elementor-gallery-item__overlay\"><\/div>\n\t\t\t\t\t\t\t\t\t\t\t\t\t\t\t<div class=\"elementor-gallery-item__content\">\n\t\t\t\t\t\t\t\t\t\t\t\t\t\t<div class=\"elementor-gallery-item__title\">\n\t\t\t\t\t\t\t\t\t\t\t\t\t\t\t\t\t\t4\t\t\t\t\t\t\t\t<\/div>\n\t\t\t\t\t\t\t\t\t\t\t\t<\/div>\n\t\t\t\t\t\t\t\t\t<\/a>\n\t\t\t\t\t\t\t<a class=\"e-gallery-item elementor-gallery-item elementor-animated-content\" href=\"http:\/\/mobot.mg\/conservation\/wp-content\/uploads\/2024\/06\/3.jpg\" data-elementor-open-lightbox=\"yes\" data-elementor-lightbox-slideshow=\"all-3046432\" data-elementor-lightbox-title=\"3\" data-e-action-hash=\"#elementor-action%3Aaction%3Dlightbox%26settings%3DeyJpZCI6MTM4MywidXJsIjoiaHR0cDpcL1wvbW9ib3QubWdcL2NvbnNlcnZhdGlvblwvd3AtY29udGVudFwvdXBsb2Fkc1wvMjAyNFwvMDZcLzMuanBnIiwic2xpZGVzaG93IjoiYWxsLTMwNDY0MzIifQ%3D%3D\">\n\t\t\t\t\t<div class=\"e-gallery-image elementor-gallery-item__image\" data-thumbnail=\"http:\/\/mobot.mg\/conservation\/wp-content\/uploads\/2024\/06\/3-300x225.jpg\" data-width=\"300\" data-height=\"225\" alt=\"\" ><\/div>\n\t\t\t\t\t\t\t\t\t\t\t<div class=\"elementor-gallery-item__overlay\"><\/div>\n\t\t\t\t\t\t\t\t\t\t\t\t\t\t\t<div class=\"elementor-gallery-item__content\">\n\t\t\t\t\t\t\t\t\t\t\t\t\t\t<div class=\"elementor-gallery-item__title\">\n\t\t\t\t\t\t\t\t\t\t\t\t\t\t\t\t\t\t3\t\t\t\t\t\t\t\t<\/div>\n\t\t\t\t\t\t\t\t\t\t\t\t<\/div>\n\t\t\t\t\t\t\t\t\t<\/a>\n\t\t\t\t\t\t\t<a class=\"e-gallery-item elementor-gallery-item elementor-animated-content\" href=\"http:\/\/mobot.mg\/conservation\/wp-content\/uploads\/2024\/06\/2.jpg\" data-elementor-open-lightbox=\"yes\" data-elementor-lightbox-slideshow=\"all-3046432\" data-elementor-lightbox-title=\"2\" data-e-action-hash=\"#elementor-action%3Aaction%3Dlightbox%26settings%3DeyJpZCI6MTM4MiwidXJsIjoiaHR0cDpcL1wvbW9ib3QubWdcL2NvbnNlcnZhdGlvblwvd3AtY29udGVudFwvdXBsb2Fkc1wvMjAyNFwvMDZcLzIuanBnIiwic2xpZGVzaG93IjoiYWxsLTMwNDY0MzIifQ%3D%3D\">\n\t\t\t\t\t<div class=\"e-gallery-image elementor-gallery-item__image\" data-thumbnail=\"http:\/\/mobot.mg\/conservation\/wp-content\/uploads\/2024\/06\/2-300x225.jpg\" data-width=\"300\" data-height=\"225\" alt=\"\" ><\/div>\n\t\t\t\t\t\t\t\t\t\t\t<div class=\"elementor-gallery-item__overlay\"><\/div>\n\t\t\t\t\t\t\t\t\t\t\t\t\t\t\t<div class=\"elementor-gallery-item__content\">\n\t\t\t\t\t\t\t\t\t\t\t\t\t\t<div class=\"elementor-gallery-item__title\">\n\t\t\t\t\t\t\t\t\t\t\t\t\t\t\t\t\t\t2\t\t\t\t\t\t\t\t<\/div>\n\t\t\t\t\t\t\t\t\t\t\t\t<\/div>\n\t\t\t\t\t\t\t\t\t<\/a>\n\t\t\t\t\t<\/div>\n\t\t\t\t\t<\/div>\n\t\t\t\t<\/div>\n\t\t\t\t<\/div>\n\t\t\t\t<\/div>\n\t\t","protected":false},"excerpt":{"rendered":"<p>ORONJIA 1 Visite du MEDD, Gouverneur de la r\u00e9gion Atsimo Atsinanana et les parties prenantes \u00e0 Agnalazaha_Tongasoa Visite du MEDD, [&hellip;]<\/p>\n","protected":false},"author":1,"featured_media":0,"parent":1243,"menu_order":0,"comment_status":"closed","ping_status":"closed","template":"","meta":{"site-sidebar-layout":"default","site-content-layout":"","ast-site-content-layout":"full-width-container","site-content-style":"default","site-sidebar-style":"default","ast-global-header-display":"","ast-banner-title-visibility":"","ast-main-header-display":"","ast-hfb-above-header-display":"","ast-hfb-below-header-display":"","ast-hfb-mobile-header-display":"","site-post-title":"","ast-breadcrumbs-content":"","ast-featured-img":"","footer-sml-layout":"","theme-transparent-header-meta":"","adv-header-id-meta":"","stick-header-meta":"","header-above-stick-meta":"","header-main-stick-meta":"","header-below-stick-meta":"","astra-migrate-meta-layouts":"default","ast-page-background-enabled":"default","ast-page-background-meta":{"desktop":{"background-color":"var(--ast-global-color-4)","background-image":"","background-repeat":"repeat","background-position":"center center","background-size":"auto","background-attachment":"scroll","background-type":"","background-media":"","overlay-type":"","overlay-color":"","overlay-gradient":""},"tablet":{"background-color":"","background-image":"","background-repeat":"repeat","background-position":"center center","background-size":"auto","background-attachment":"scroll","background-type":"","background-media":"","overlay-type":"","overlay-color":"","overlay-gradient":""},"mobile":{"background-color":"","background-image":"","background-repeat":"repeat","background-position":"center center","background-size":"auto","background-attachment":"scroll","background-type":"","background-media":"","overlay-type":"","overlay-color":"","overlay-gradient":""}},"ast-content-background-meta":{"desktop":{"background-color":"var(--ast-global-color-5)","background-image":"","background-repeat":"repeat","background-position":"center center","background-size":"auto","background-attachment":"scroll","background-type":"","background-media":"","overlay-type":"","overlay-color":"","overlay-gradient":""},"tablet":{"background-color":"var(--ast-global-color-5)","background-image":"","background-repeat":"repeat","background-position":"center center","background-size":"auto","background-attachment":"scroll","background-type":"","background-media":"","overlay-type":"","overlay-color":"","overlay-gradient":""},"mobile":{"background-color":"var(--ast-global-color-5)","background-image":"","background-repeat":"repeat","background-position":"center center","background-size":"auto","background-attachment":"scroll","background-type":"","background-media":"","overlay-type":"","overlay-color":"","overlay-gradient":""}},"footnotes":""},"class_list":["post-1377","page","type-page","status-publish","hentry"],"_links":{"self":[{"href":"http:\/\/mobot.mg\/conservation\/wp-json\/wp\/v2\/pages\/1377","targetHints":{"allow":["GET"]}}],"collection":[{"href":"http:\/\/mobot.mg\/conservation\/wp-json\/wp\/v2\/pages"}],"about":[{"href":"http:\/\/mobot.mg\/conservation\/wp-json\/wp\/v2\/types\/page"}],"author":[{"embeddable":true,"href":"http:\/\/mobot.mg\/conservation\/wp-json\/wp\/v2\/users\/1"}],"replies":[{"embeddable":true,"href":"http:\/\/mobot.mg\/conservation\/wp-json\/wp\/v2\/comments?post=1377"}],"version-history":[{"count":7,"href":"http:\/\/mobot.mg\/conservation\/wp-json\/wp\/v2\/pages\/1377\/revisions"}],"predecessor-version":[{"id":1511,"href":"http:\/\/mobot.mg\/conservation\/wp-json\/wp\/v2\/pages\/1377\/revisions\/1511"}],"up":[{"embeddable":true,"href":"http:\/\/mobot.mg\/conservation\/wp-json\/wp\/v2\/pages\/1243"}],"wp:attachment":[{"href":"http:\/\/mobot.mg\/conservation\/wp-json\/wp\/v2\/media?parent=1377"}],"curies":[{"name":"wp","href":"https:\/\/api.w.org\/{rel}","templated":true}]}}